{"id":1556,"date":"2022-01-18T00:05:12","date_gmt":"2022-01-18T00:05:12","guid":{"rendered":"https:\/\/www.fondationjfp.com\/produit\/dvd-concert-du-19-decembre-2019\/"},"modified":"2023-09-22T01:05:43","modified_gmt":"2023-09-22T01:05:43","slug":"dvd-december-19-2019-concert","status":"publish","type":"product","link":"https:\/\/www.fondationjfp.com\/en\/product\/dvd-december-19-2019-concert\/","title":{"rendered":"DVD &#8211; December 19, 2019 Concert"},"content":{"rendered":"<p><strong>Detailed program:<\/strong><\/p>\n<p>&nbsp;<\/p>\n<p><u>Orchestre \u00e0 cordes option secondaire 1 &#8211; Josianne Laberge<\/u><\/p>\n<p>1. Mr G&#8217;s One-Finger March &#8211; Herbert S. Gardner<br \/>\n2. Vive le vent &#8211; Traditionnel<br \/>\n3. We will Rock you &#8211; Queen<\/p>\n<p><u>Orchestre \u00e0 cordes concentration\u00a0secondaire 2 &#8211; Kristin Molnar<\/u><br \/>\n4. In the Bleak Midwinter &#8211; Gustav Holst<br \/>\n5. Danse Slave #3 &#8211; Anton\u00edn Dvo\u0159\u00e1k<br \/>\n6. Th\u00e8me et variations tir\u00e9s du quintette \u00abLa truite\u00bb &#8211; Franz Schubert<\/p>\n<p><u>Orchestre \u00e0 cordes concentration secondaire 3 &#8211; Josianne Laberge<\/u><br \/>\n7. Medieval War &#8211; Brian Balmages<br \/>\n8. Rythmic Snapshots of Christmas &#8211; Traditionnel<br \/>\n9. Finale de l&#8217;ouverture Guillaume Tell &#8211; Gioachino Rossini<\/p>\n<p><u>Harmonie option secondaire 1 &#8211; St\u00e9fany Breton et Gabrielle Gingras<\/u><br \/>\n10. Jolly Old St-Nicholas &#8211; Traditionnel<br \/>\n11. Court of the Noble Trumpeteers &#8211; Timothy Loest<br \/>\n12. Conquest &#8211; Brian Balmages<br \/>\n13. Jingle Bells &#8211; Traditionnel<\/p>\n<p><u>Harmonie concentration\u00a0secondaire 2 &#8211; Marianne Cantin et St\u00e9fany Breton<\/u><br \/>\n14. Zia &#8211; William Owens<br \/>\n15. Celtic Air and Dance &#8211; Michael Sweeney<br \/>\n16. Christmas Bits and Pieces &#8211; Mike Story<br \/>\n17. Quest of the Black Knight &#8211; Timothy Loest<br \/>\n18. Argosy &#8211; Robert W. Smith<br \/>\n19. Beethoven&#8217;s Fifth Christmas &#8211; Arr. Mark Williams<\/p>\n<p><u>Harmonie concentration secondaire 3 &#8211; Marianne Cantin<\/u><br \/>\n20. In the Valley of the Ancients &#8211; Michael Story<br \/>\n21. Suite #1 de Peer Gynt &#8211; Edvard Grieg<br \/>\n22. Les Incroyables &#8211; Michael Giacchino<\/p>\n","protected":false},"excerpt":{"rendered":"<p>DVD of the High School Option 1 and High School Concentration 2 and 3 String and Band Concert taking place on December 19, 2019 at Le Plateau Auditorium.<\/p>\n","protected":false},"featured_media":1152,"template":"","meta":[],"product_brand":[],"product_cat":[43,42],"product_tag":[],"class_list":{"0":"post-1556","1":"product","2":"type-product","3":"status-publish","4":"has-post-thumbnail","6":"product_cat-non-classe-en","7":"product_cat-dvds-de-concert-en","9":"first","10":"outofstock","11":"shipping-taxable","12":"purchasable","13":"product-type-simple"},"yoast_head":"<!-- This site is optimized with the Yoast SEO plugin v24.5 - https:\/\/yoast.com\/wordpress\/plugins\/seo\/ -->\n<title>DVD - December 19, 2019 Concert | Fondation JFP<\/title>\n<meta name=\"robots\" content=\"index, follow, max-snippet:-1, max-image-preview:large, max-video-preview:-1\" \/>\n<link rel=\"canonical\" href=\"https:\/\/www.fondationjfp.com\/en\/product\/dvd-december-19-2019-concert\/\" \/>\n<meta property=\"og:locale\" content=\"en_US\" \/>\n<meta property=\"og:type\" content=\"article\" \/>\n<meta property=\"og:title\" content=\"DVD - December 19, 2019 Concert | Fondation JFP\" \/>\n<meta property=\"og:description\" content=\"DVD of the High School Option 1 and High School Concentration 2 and 3 String and Band Concert taking place on December 19, 2019 at Le Plateau Auditorium.\" \/>\n<meta property=\"og:url\" content=\"https:\/\/www.fondationjfp.com\/en\/product\/dvd-december-19-2019-concert\/\" \/>\n<meta property=\"og:site_name\" content=\"Fondation JFP\" \/>\n<meta property=\"article:modified_time\" content=\"2023-09-22T01:05:43+00:00\" \/>\n<meta property=\"og:image\" content=\"https:\/\/www.fondationjfp.com\/wp-content\/uploads\/2022\/01\/f2b700_eafa6588635b44e4973bffc6768d3dcb_mv2.webp\" \/>\n\t<meta property=\"og:image:width\" content=\"500\" \/>\n\t<meta property=\"og:image:height\" content=\"500\" \/>\n\t<meta property=\"og:image:type\" content=\"image\/webp\" \/>\n<meta name=\"twitter:card\" content=\"summary_large_image\" \/>\n<meta name=\"twitter:label1\" content=\"Est. reading time\" \/>\n\t<meta name=\"twitter:data1\" content=\"1 minute\" \/>\n<script type=\"application\/ld+json\" class=\"yoast-schema-graph\">{\"@context\":\"https:\/\/schema.org\",\"@graph\":[{\"@type\":\"WebPage\",\"@id\":\"https:\/\/www.fondationjfp.com\/en\/product\/dvd-december-19-2019-concert\/\",\"url\":\"https:\/\/www.fondationjfp.com\/en\/product\/dvd-december-19-2019-concert\/\",\"name\":\"DVD - December 19, 2019 Concert | Fondation JFP\",\"isPartOf\":{\"@id\":\"https:\/\/www.fondationjfp.com\/en\/#website\"},\"primaryImageOfPage\":{\"@id\":\"https:\/\/www.fondationjfp.com\/en\/product\/dvd-december-19-2019-concert\/#primaryimage\"},\"image\":{\"@id\":\"https:\/\/www.fondationjfp.com\/en\/product\/dvd-december-19-2019-concert\/#primaryimage\"},\"thumbnailUrl\":\"https:\/\/www.fondationjfp.com\/wp-content\/uploads\/2022\/01\/f2b700_eafa6588635b44e4973bffc6768d3dcb_mv2.webp\",\"datePublished\":\"2022-01-18T00:05:12+00:00\",\"dateModified\":\"2023-09-22T01:05:43+00:00\",\"breadcrumb\":{\"@id\":\"https:\/\/www.fondationjfp.com\/en\/product\/dvd-december-19-2019-concert\/#breadcrumb\"},\"inLanguage\":\"en-US\",\"potentialAction\":[{\"@type\":\"ReadAction\",\"target\":[\"https:\/\/www.fondationjfp.com\/en\/product\/dvd-december-19-2019-concert\/\"]}]},{\"@type\":\"ImageObject\",\"inLanguage\":\"en-US\",\"@id\":\"https:\/\/www.fondationjfp.com\/en\/product\/dvd-december-19-2019-concert\/#primaryimage\",\"url\":\"https:\/\/www.fondationjfp.com\/wp-content\/uploads\/2022\/01\/f2b700_eafa6588635b44e4973bffc6768d3dcb_mv2.webp\",\"contentUrl\":\"https:\/\/www.fondationjfp.com\/wp-content\/uploads\/2022\/01\/f2b700_eafa6588635b44e4973bffc6768d3dcb_mv2.webp\",\"width\":500,\"height\":500},{\"@type\":\"BreadcrumbList\",\"@id\":\"https:\/\/www.fondationjfp.com\/en\/product\/dvd-december-19-2019-concert\/#breadcrumb\",\"itemListElement\":[{\"@type\":\"ListItem\",\"position\":1,\"name\":\"Accueil\",\"item\":\"https:\/\/www.fondationjfp.com\/en\/\"},{\"@type\":\"ListItem\",\"position\":2,\"name\":\"Boutique\",\"item\":\"https:\/\/www.fondationjfp.com\/boutique\/\"},{\"@type\":\"ListItem\",\"position\":3,\"name\":\"DVD &#8211; December 19, 2019 Concert\"}]},{\"@type\":\"WebSite\",\"@id\":\"https:\/\/www.fondationjfp.com\/en\/#website\",\"url\":\"https:\/\/www.fondationjfp.com\/en\/\",\"name\":\"Fondation JFP\",\"description\":\"Soutenir les r\u00eaves et l&#039;excellence en musique\",\"publisher\":{\"@id\":\"https:\/\/www.fondationjfp.com\/en\/#organization\"},\"potentialAction\":[{\"@type\":\"SearchAction\",\"target\":{\"@type\":\"EntryPoint\",\"urlTemplate\":\"https:\/\/www.fondationjfp.com\/en\/?s={search_term_string}\"},\"query-input\":{\"@type\":\"PropertyValueSpecification\",\"valueRequired\":true,\"valueName\":\"search_term_string\"}}],\"inLanguage\":\"en-US\"},{\"@type\":\"Organization\",\"@id\":\"https:\/\/www.fondationjfp.com\/en\/#organization\",\"name\":\"Fondation Joseph-Fran\u00e7ois-Perrault\",\"url\":\"https:\/\/www.fondationjfp.com\/en\/\",\"logo\":{\"@type\":\"ImageObject\",\"inLanguage\":\"en-US\",\"@id\":\"https:\/\/www.fondationjfp.com\/en\/#\/schema\/logo\/image\/\",\"url\":\"https:\/\/www.fondationjfp.com\/wp-content\/uploads\/2021\/11\/logo-complet-blanc-1.png\",\"contentUrl\":\"https:\/\/www.fondationjfp.com\/wp-content\/uploads\/2021\/11\/logo-complet-blanc-1.png\",\"width\":551,\"height\":63,\"caption\":\"Fondation Joseph-Fran\u00e7ois-Perrault\"},\"image\":{\"@id\":\"https:\/\/www.fondationjfp.com\/en\/#\/schema\/logo\/image\/\"}}]}<\/script>\n<!-- \/ Yoast SEO plugin. -->","yoast_head_json":{"title":"DVD - December 19, 2019 Concert | Fondation JFP","robots":{"index":"index","follow":"follow","max-snippet":"max-snippet:-1","max-image-preview":"max-image-preview:large","max-video-preview":"max-video-preview:-1"},"canonical":"https:\/\/www.fondationjfp.com\/en\/product\/dvd-december-19-2019-concert\/","og_locale":"en_US","og_type":"article","og_title":"DVD - December 19, 2019 Concert | Fondation JFP","og_description":"DVD of the High School Option 1 and High School Concentration 2 and 3 String and Band Concert taking place on December 19, 2019 at Le Plateau Auditorium.","og_url":"https:\/\/www.fondationjfp.com\/en\/product\/dvd-december-19-2019-concert\/","og_site_name":"Fondation JFP","article_modified_time":"2023-09-22T01:05:43+00:00","og_image":[{"width":500,"height":500,"url":"https:\/\/www.fondationjfp.com\/wp-content\/uploads\/2022\/01\/f2b700_eafa6588635b44e4973bffc6768d3dcb_mv2.webp","type":"image\/webp"}],"twitter_card":"summary_large_image","twitter_misc":{"Est. reading time":"1 minute"},"schema":{"@context":"https:\/\/schema.org","@graph":[{"@type":"WebPage","@id":"https:\/\/www.fondationjfp.com\/en\/product\/dvd-december-19-2019-concert\/","url":"https:\/\/www.fondationjfp.com\/en\/product\/dvd-december-19-2019-concert\/","name":"DVD - December 19, 2019 Concert | Fondation JFP","isPartOf":{"@id":"https:\/\/www.fondationjfp.com\/en\/#website"},"primaryImageOfPage":{"@id":"https:\/\/www.fondationjfp.com\/en\/product\/dvd-december-19-2019-concert\/#primaryimage"},"image":{"@id":"https:\/\/www.fondationjfp.com\/en\/product\/dvd-december-19-2019-concert\/#primaryimage"},"thumbnailUrl":"https:\/\/www.fondationjfp.com\/wp-content\/uploads\/2022\/01\/f2b700_eafa6588635b44e4973bffc6768d3dcb_mv2.webp","datePublished":"2022-01-18T00:05:12+00:00","dateModified":"2023-09-22T01:05:43+00:00","breadcrumb":{"@id":"https:\/\/www.fondationjfp.com\/en\/product\/dvd-december-19-2019-concert\/#breadcrumb"},"inLanguage":"en-US","potentialAction":[{"@type":"ReadAction","target":["https:\/\/www.fondationjfp.com\/en\/product\/dvd-december-19-2019-concert\/"]}]},{"@type":"ImageObject","inLanguage":"en-US","@id":"https:\/\/www.fondationjfp.com\/en\/product\/dvd-december-19-2019-concert\/#primaryimage","url":"https:\/\/www.fondationjfp.com\/wp-content\/uploads\/2022\/01\/f2b700_eafa6588635b44e4973bffc6768d3dcb_mv2.webp","contentUrl":"https:\/\/www.fondationjfp.com\/wp-content\/uploads\/2022\/01\/f2b700_eafa6588635b44e4973bffc6768d3dcb_mv2.webp","width":500,"height":500},{"@type":"BreadcrumbList","@id":"https:\/\/www.fondationjfp.com\/en\/product\/dvd-december-19-2019-concert\/#breadcrumb","itemListElement":[{"@type":"ListItem","position":1,"name":"Accueil","item":"https:\/\/www.fondationjfp.com\/en\/"},{"@type":"ListItem","position":2,"name":"Boutique","item":"https:\/\/www.fondationjfp.com\/boutique\/"},{"@type":"ListItem","position":3,"name":"DVD &#8211; December 19, 2019 Concert"}]},{"@type":"WebSite","@id":"https:\/\/www.fondationjfp.com\/en\/#website","url":"https:\/\/www.fondationjfp.com\/en\/","name":"Fondation JFP","description":"Soutenir les r\u00eaves et l&#039;excellence en musique","publisher":{"@id":"https:\/\/www.fondationjfp.com\/en\/#organization"},"potentialAction":[{"@type":"SearchAction","target":{"@type":"EntryPoint","urlTemplate":"https:\/\/www.fondationjfp.com\/en\/?s={search_term_string}"},"query-input":{"@type":"PropertyValueSpecification","valueRequired":true,"valueName":"search_term_string"}}],"inLanguage":"en-US"},{"@type":"Organization","@id":"https:\/\/www.fondationjfp.com\/en\/#organization","name":"Fondation Joseph-Fran\u00e7ois-Perrault","url":"https:\/\/www.fondationjfp.com\/en\/","logo":{"@type":"ImageObject","inLanguage":"en-US","@id":"https:\/\/www.fondationjfp.com\/en\/#\/schema\/logo\/image\/","url":"https:\/\/www.fondationjfp.com\/wp-content\/uploads\/2021\/11\/logo-complet-blanc-1.png","contentUrl":"https:\/\/www.fondationjfp.com\/wp-content\/uploads\/2021\/11\/logo-complet-blanc-1.png","width":551,"height":63,"caption":"Fondation Joseph-Fran\u00e7ois-Perrault"},"image":{"@id":"https:\/\/www.fondationjfp.com\/en\/#\/schema\/logo\/image\/"}}]}},"_links":{"self":[{"href":"https:\/\/www.fondationjfp.com\/en\/wp-json\/wp\/v2\/product\/1556","targetHints":{"allow":["GET"]}}],"collection":[{"href":"https:\/\/www.fondationjfp.com\/en\/wp-json\/wp\/v2\/product"}],"about":[{"href":"https:\/\/www.fondationjfp.com\/en\/wp-json\/wp\/v2\/types\/product"}],"wp:featuredmedia":[{"embeddable":true,"href":"https:\/\/www.fondationjfp.com\/en\/wp-json\/wp\/v2\/media\/1152"}],"wp:attachment":[{"href":"https:\/\/www.fondationjfp.com\/en\/wp-json\/wp\/v2\/media?parent=1556"}],"wp:term":[{"taxonomy":"product_brand","embeddable":true,"href":"https:\/\/www.fondationjfp.com\/en\/wp-json\/wp\/v2\/product_brand?post=1556"},{"taxonomy":"product_cat","embeddable":true,"href":"https:\/\/www.fondationjfp.com\/en\/wp-json\/wp\/v2\/product_cat?post=1556"},{"taxonomy":"product_tag","embeddable":true,"href":"https:\/\/www.fondationjfp.com\/en\/wp-json\/wp\/v2\/product_tag?post=1556"}],"curies":[{"name":"wp","href":"https:\/\/api.w.org\/{rel}","templated":true}]}}