{"id":1257,"date":"2021-11-29T03:11:11","date_gmt":"2021-11-29T03:11:11","guid":{"rendered":"https:\/\/www.fondationjfp.com\/tournees\/"},"modified":"2022-03-02T20:51:26","modified_gmt":"2022-03-02T20:51:26","slug":"tours-and-events-outside-quebec","status":"publish","type":"page","link":"https:\/\/www.fondationjfp.com\/en\/tours-and-events-outside-quebec\/","title":{"rendered":"Tours and events outside Quebec"},"content":{"rendered":"<div class=\"jfp-nav-spacer\"><\/div>\n\n<style>\n    .jfp-nav-spacer{\n        height:200px;\n        margin-bottom:45px;\n        background: linear-gradient(180deg, rgba(16, 21, 45, 0.42) 0%, rgba(16, 21, 45, 0.42) 44.11%, rgba(179, 87, 33, 0.42) 56.88%, rgba(255, 255, 255, 0.42) 100%), url(https:\/\/www.fondationjfp.com\/wp-content\/themes\/fondation-jfp-main\/assets\/img\/jfp-nav-spacer-bg.png);\n        background-size: cover;\n        background-position: center;\n        background-attachment: fixed;\n        clip-path: ellipse(150% 60% at 50% 40%);\n    }\n<\/style>\n<section class=\"jfp-archive-tournees\">\n  <div class=\"w-container\">\n    <h1>Tours and events outside Quebec<\/h1>\n        \n<p>The students of the Joseph-Fran\u00e7ois Perrault School&#8217;s music department have the privilege, with the support of the Foundation, of going on European tours. Over the years, thirteenEuropean tours have taken place and the students have performed on prestigious venues in France, Italy, Switzerland and Spain. Thus, the Grand Th\u00e9\u00e2tre in Angers, the Graslin Theatre in Nantes, the Nantes Cathedral, the Roman Theatre in Vaison-la-Romaine, the Church of Saint-S\u00e9verin in Paris, the Church of St-Pierre-Le-Mo\u00fbtier, the Cathedral of Bourges, the Abbey of Fontmorigny are among the mythical halls that have served as a setting for the music of JFP students.<\/p>\n\n      <\/div>\n    <div class=\"jfp-archive-tournees-list\">\n    <div id=\"timeline\" class=\"jfp-archive-tournees-list-timeline\">\n      <div class=\"jfp-archive-tournees-list-timeline-left\"><\/div>\n      <div class=\"jfp-archive-tournees-list-timeline-center\"><\/div>\n      <div class=\"jfp-archive-tournees-list-timeline-right\"><\/div>\n    <\/div>\n    <div class=\"jfp-archive-tournees-list-map\">\n      <div id=\"jfp-tournee-map\"><\/div>\n      <div id=\"tournee-modal\" class=\"jfp-archive-tournee-modal\">\n        <div class=\"jfp-archive-tournee-modal-header\">\n          <h2 id=\"tournee-title\"><\/h2>\n          <i class=\"fas fa-times tournee-modal-x-btn\" onClick=\"closeModal()\"><\/i>\n        <\/div>\n        <div id=\"tournee-description\"><\/div>\n        <div id=\"tournee-gallery\"><\/div>\n        <div id=\"credit-photo\" style=\"font-size:11px;margin-left:10px;\"><\/div>\n      <\/div>\n    <\/div>\n  <\/div>\n  <\/section>\n\n<script>\n  var $ = jQuery\n  $('#tournee-modal').fadeOut(0)\n  const tournees = [\n        {\n      id: '1593',\n      name: '2018 &#8211; France',\n      year: '2018 - France',\n            locations: [\n\n                {\n          latitude: Number(48.856613),\n          longitude: Number(2.352222),\n        },\n                {\n          latitude: Number(47.031500),\n          longitude: Number(2.954750),\n        },\n                {\n          latitude: Number(46.791190),\n          longitude: Number(3.118480),\n        },\n                {\n          latitude: Number(47.471161),\n          longitude: Number(-0.551826),\n        },\n                {\n          latitude: Number(46.591969),\n          longitude: Number(0.509890),\n        },\n              ],\n            description: `<p style=\"font-weight: 400;\">During its 2018 French tour, the Joseph-Fran\u00e7ois-Perrault Symphony Orchestra performed at:<\/p>\n<ul>\n<li style=\"font-weight: 400;\">Bourge &#8211; La Cath\u00e9drale de Bourges<\/li>\n<li style=\"font-weight: 400;\">St-Pierre-Le Mo\u00fbtier<\/li>\n<li style=\"font-weight: 400;\">Abbaye de Fontmorigny<\/li>\n<li style=\"font-weight: 400;\">Angers \u2013 Centre culturel George Brassens<\/li>\n<li style=\"font-weight: 400;\">Paris \u2013 \u00c9glise de La Madeleine<\/li>\n<\/ul>\n`,\n            images: [\n                {\n          original: `https:\/\/www.fondationjfp.com\/wp-content\/uploads\/2022\/01\/IMG_0818-scaled.jpg`,\n          thumbnail: `https:\/\/www.fondationjfp.com\/wp-content\/uploads\/2022\/01\/IMG_0818-300x200.jpg`,\n          alt: ``,\n        },\n                {\n          original: `https:\/\/www.fondationjfp.com\/wp-content\/uploads\/2022\/01\/1yFdfyXTh2jDpffPBXX0w_thumb_2f6b.jpg`,\n          thumbnail: `https:\/\/www.fondationjfp.com\/wp-content\/uploads\/2022\/01\/1yFdfyXTh2jDpffPBXX0w_thumb_2f6b-300x200.jpg`,\n          alt: ``,\n        },\n                {\n          original: `https:\/\/www.fondationjfp.com\/wp-content\/uploads\/2022\/01\/UNADJUSTEDNONRAW_thumb_1e7a-1.jpg`,\n          thumbnail: `https:\/\/www.fondationjfp.com\/wp-content\/uploads\/2022\/01\/UNADJUSTEDNONRAW_thumb_1e7a-1-300x200.jpg`,\n          alt: ``,\n        },\n                {\n          original: `https:\/\/www.fondationjfp.com\/wp-content\/uploads\/2022\/01\/UNADJUSTEDNONRAW_thumb_2475.jpg`,\n          thumbnail: `https:\/\/www.fondationjfp.com\/wp-content\/uploads\/2022\/01\/UNADJUSTEDNONRAW_thumb_2475-300x200.jpg`,\n          alt: ``,\n        },\n                {\n          original: `https:\/\/www.fondationjfp.com\/wp-content\/uploads\/2022\/01\/UNADJUSTEDNONRAW_thumb_efe-1.jpg`,\n          thumbnail: `https:\/\/www.fondationjfp.com\/wp-content\/uploads\/2022\/01\/UNADJUSTEDNONRAW_thumb_efe-1-300x200.jpg`,\n          alt: ``,\n        },\n                {\n          original: `https:\/\/www.fondationjfp.com\/wp-content\/uploads\/2022\/01\/G0nfZFoGSwWxPyb9Z6GHWg_thumb_27f7.jpg`,\n          thumbnail: `https:\/\/www.fondationjfp.com\/wp-content\/uploads\/2022\/01\/G0nfZFoGSwWxPyb9Z6GHWg_thumb_27f7-300x210.jpg`,\n          alt: ``,\n        },\n                {\n          original: `https:\/\/www.fondationjfp.com\/wp-content\/uploads\/2022\/01\/UNADJUSTEDNONRAW_thumb_164d.jpg`,\n          thumbnail: `https:\/\/www.fondationjfp.com\/wp-content\/uploads\/2022\/01\/UNADJUSTEDNONRAW_thumb_164d-300x200.jpg`,\n          alt: ``,\n        },\n                {\n          original: `https:\/\/www.fondationjfp.com\/wp-content\/uploads\/2022\/01\/UNADJUSTEDNONRAW_thumb_89a.jpg`,\n          thumbnail: `https:\/\/www.fondationjfp.com\/wp-content\/uploads\/2022\/01\/UNADJUSTEDNONRAW_thumb_89a-300x200.jpg`,\n          alt: ``,\n        },\n                {\n          original: `https:\/\/www.fondationjfp.com\/wp-content\/uploads\/2022\/01\/UNADJUSTEDNONRAW_thumb_2d70.jpg`,\n          thumbnail: `https:\/\/www.fondationjfp.com\/wp-content\/uploads\/2022\/01\/UNADJUSTEDNONRAW_thumb_2d70-200x300.jpg`,\n          alt: ``,\n        },\n                {\n          original: `https:\/\/www.fondationjfp.com\/wp-content\/uploads\/2022\/01\/EbGN74k8R9Oa0C3rlFYPfQ_thumb_2f46.jpg`,\n          thumbnail: `https:\/\/www.fondationjfp.com\/wp-content\/uploads\/2022\/01\/EbGN74k8R9Oa0C3rlFYPfQ_thumb_2f46-300x200.jpg`,\n          alt: ``,\n        },\n                {\n          original: `https:\/\/www.fondationjfp.com\/wp-content\/uploads\/2022\/01\/UNADJUSTEDNONRAW_thumb_1528.jpg`,\n          thumbnail: `https:\/\/www.fondationjfp.com\/wp-content\/uploads\/2022\/01\/UNADJUSTEDNONRAW_thumb_1528-300x200.jpg`,\n          alt: ``,\n        },\n                {\n          original: `https:\/\/www.fondationjfp.com\/wp-content\/uploads\/2022\/01\/UNADJUSTEDNONRAW_thumb_15f4.jpg`,\n          thumbnail: `https:\/\/www.fondationjfp.com\/wp-content\/uploads\/2022\/01\/UNADJUSTEDNONRAW_thumb_15f4-300x200.jpg`,\n          alt: ``,\n        },\n              ],\n            credit: `Photos: Marianne Cantin`,\n    },\n        {\n      id: '1592',\n      name: '2016 &#8211; France',\n      year: '2016 - France',\n            locations: [\n\n                {\n          latitude: Number(47.031500),\n          longitude: Number(2.954750),\n        },\n                {\n          latitude: Number(46.791190),\n          longitude: Number(3.118480),\n        },\n                {\n          latitude: Number(47.471161),\n          longitude: Number(-0.551826),\n        },\n                {\n          latitude: Number(46.591969),\n          longitude: Number(0.509890),\n        },\n              ],\n            description: `<p style=\"font-weight: 400;\">During its 2016 French tour, the Joseph-Fran\u00e7ois-Perrault Symphony Orchestra performed at:<\/p>\n<ul>\n<li style=\"font-weight: 400;\">Bourge &#8211; La Cath\u00e9drale de Bourges<\/li>\n<li style=\"font-weight: 400;\">Angers &#8211; Grand Th\u00e9\u00e2tre d&#8217;Angers<\/li>\n<li style=\"font-weight: 400;\">St-Pierre-Le Mo\u00fbtier<\/li>\n<li style=\"font-weight: 400;\">Abbaye de Fontmorigny<\/li>\n<\/ul>\n`,\n            images: [\n                {\n          original: `https:\/\/www.fondationjfp.com\/wp-content\/uploads\/2022\/01\/Tournee-2016-scaled.jpg`,\n          thumbnail: `https:\/\/www.fondationjfp.com\/wp-content\/uploads\/2022\/01\/Tournee-2016-300x200.jpg`,\n          alt: ``,\n        },\n                {\n          original: `https:\/\/www.fondationjfp.com\/wp-content\/uploads\/2022\/01\/UNADJUSTEDNONRAW_thumb_2be0.jpg`,\n          thumbnail: `https:\/\/www.fondationjfp.com\/wp-content\/uploads\/2022\/01\/UNADJUSTEDNONRAW_thumb_2be0-300x200.jpg`,\n          alt: ``,\n        },\n                {\n          original: `https:\/\/www.fondationjfp.com\/wp-content\/uploads\/2022\/01\/ATcClZ9hTAuoEoTHcpz4Aw_thumb_8a8.jpg`,\n          thumbnail: `https:\/\/www.fondationjfp.com\/wp-content\/uploads\/2022\/01\/ATcClZ9hTAuoEoTHcpz4Aw_thumb_8a8-300x200.jpg`,\n          alt: ``,\n        },\n                {\n          original: `https:\/\/www.fondationjfp.com\/wp-content\/uploads\/2022\/01\/QCp7dqoWQm30Huw1rdw0g_thumb_158b.jpg`,\n          thumbnail: `https:\/\/www.fondationjfp.com\/wp-content\/uploads\/2022\/01\/QCp7dqoWQm30Huw1rdw0g_thumb_158b-300x200.jpg`,\n          alt: ``,\n        },\n                {\n          original: `https:\/\/www.fondationjfp.com\/wp-content\/uploads\/2022\/01\/UNADJUSTEDNONRAW_thumb_191.jpg`,\n          thumbnail: `https:\/\/www.fondationjfp.com\/wp-content\/uploads\/2022\/01\/UNADJUSTEDNONRAW_thumb_191-300x200.jpg`,\n          alt: ``,\n        },\n                {\n          original: `https:\/\/www.fondationjfp.com\/wp-content\/uploads\/2022\/01\/UNADJUSTEDNONRAW_thumb_10a4.jpg`,\n          thumbnail: `https:\/\/www.fondationjfp.com\/wp-content\/uploads\/2022\/01\/UNADJUSTEDNONRAW_thumb_10a4-200x300.jpg`,\n          alt: ``,\n        },\n                {\n          original: `https:\/\/www.fondationjfp.com\/wp-content\/uploads\/2022\/01\/UNADJUSTEDNONRAW_thumb_17c1.jpg`,\n          thumbnail: `https:\/\/www.fondationjfp.com\/wp-content\/uploads\/2022\/01\/UNADJUSTEDNONRAW_thumb_17c1-300x200.jpg`,\n          alt: ``,\n        },\n              ],\n            credit: `Photos: Marianne Cantin`,\n    },\n        {\n      id: '1591',\n      name: '2014-2015 &#8211; Carnegie Hall',\n      year: '2014-2015 - Carnegie Hall',\n            locations: [\n\n                {\n          latitude: Number(42.3602534),\n          longitude: Number(-71.0582912),\n        },\n              ],\n            description: `<p>On April 26, 2014, the JFP Wind Orchestra gave an outstanding performance at the Boston Festival Heritage. In addition to taking first place in its category, the Orchestra won the Jury&#8217;s Award, named Outstanding Performance &#8211; Concert Band, with an outstanding score of 97.3%.<\/p>\n<p>Impressed by the results obtained by our young people in Boston, representatives of Worldstrides Heritage Performance invited JFP&#8217;s musical groups to audition for the Festival at Carnegie Hall, an event reserved for the young musical elite. The venture was successful; two of the school&#8217;s musical ensembles, the JFP Symphony Orchestra and the JFP Wind Orchestra, represented Quebec in New York City in March and April 2015.<\/p>\n`,\n            credit: ``,\n    },\n        {\n      id: '1590',\n      name: '2013 &#8211; Europe',\n      year: '2013 - Europe',\n            description: `<p>With the departure of Jean-Marie Bisaillon, Lou Arteau, mother of a 2103 graduate, decided to take over to allow the youth to experience a tour in Europe. She will then organize the 2016 and 2018 tours in France.<\/p>\n`,\n            credit: ``,\n    },\n        {\n      id: '1589',\n      name: '2011 &#8211; Europe',\n      year: '2011 - Europe',\n            description: `<p>Last European tour led by Richard Charron, Music Director of the Music Department from 1999 to 2011 and last tour organized by Jean-Marie Bisaillon.<\/p>\n`,\n            credit: ``,\n    },\n        {\n      id: '1583',\n      name: '2009 &#8211; France',\n      year: '2009 - France',\n            locations: [\n\n                {\n          latitude: Number(43.7824191),\n          longitude: Number(4.0893472),\n        },\n                {\n          latitude: Number(43.7407512),\n          longitude: Number(4.2598913),\n        },\n                {\n          latitude: Number(43.7426569),\n          longitude: Number(4.2204128),\n        },\n                {\n          latitude: Number(43.6343255),\n          longitude: Number(4.1957274),\n        },\n              ],\n            description: `<p>Tour of the OSJFP in the fall of 2009 to participate in the commemoration of the 250th anniversary of the death of the Marquis de Montcalm. Organized by the city of Vestric and Candiac and the city of Vergeze, these festivities gave the OSJFP the opportunity to perform in Sommi\u00e8res, Vestric and Candiac, Vergeze and Saint-Laurent-d&#8217;Aigouze.<\/p>\n`,\n            credit: ``,\n    },\n        {\n      id: '1582',\n      name: '2008 &#8211; France',\n      year: '2008 - France',\n            locations: [\n\n                {\n          latitude: Number(46.603354),\n          longitude: Number(1.8883335),\n        },\n              ],\n            description: `<p>European tour of the OSJFP in France.<\/p>\n`,\n            credit: ``,\n    },\n        {\n      id: '1581',\n      name: '2006 &#8211; France',\n      year: '2006 - France',\n            locations: [\n\n                {\n          latitude: Number(46.603354),\n          longitude: Number(1.8883335),\n        },\n              ],\n            description: `<p>European tour of the OSJFP in France.<\/p>\n`,\n            credit: ``,\n    },\n        {\n      id: '1580',\n      name: '2003 &#8211; Spain',\n      year: '2003 - Spain',\n            locations: [\n\n                {\n          latitude: Number(39.3260685),\n          longitude: Number(-4.8379791),\n        },\n              ],\n            description: `<p>European tour of the OSJFP in Spain.<\/p>\n`,\n            credit: ``,\n    },\n        {\n      id: '1579',\n      name: '2001 &#8211; Newfoundland',\n      year: '2001 - Newfoundland',\n            locations: [\n\n                {\n          latitude: Number(49.1212094),\n          longitude: Number(-56.6962962),\n        },\n              ],\n            description: `<p>Tour of the Vocal Ensemble in the Lower St. Lawrence and the Maritimes with participation in the &#8220;Sharing the Voice&#8221; festival in Newfoundland.<\/p>\n`,\n            credit: ``,\n    },\n        {\n      id: '1573',\n      name: '1999 &#8211; France',\n      year: '1999 - France',\n            locations: [\n\n                {\n          latitude: Number(46.603354),\n          longitude: Number(1.8883335),\n        },\n              ],\n            description: `<p>European tour of the OSJFP in France.<\/p>\n`,\n            credit: ``,\n    },\n        {\n      id: '1572',\n      name: '1996 &#8211; France',\n      year: '1996 - France',\n            locations: [\n\n                {\n          latitude: Number(48.8588897),\n          longitude: Number(2.320041),\n        },\n                {\n          latitude: Number(45.7774551),\n          longitude: Number(3.0819427),\n        },\n                {\n          latitude: Number(43.60426),\n          longitude: Number(1.44367),\n        },\n                {\n          latitude: Number(43.3426562),\n          longitude: Number(3.2131307),\n        },\n                {\n          latitude: Number(44.3778474),\n          longitude: Number(4.6976609),\n        },\n                {\n          latitude: Number(45.8992348),\n          longitude: Number(6.1288847),\n        },\n                {\n          latitude: Number(46.9876601),\n          longitude: Number(3.1577203),\n        },\n              ],\n            description: `<p>European tour of the OSJFP in France passing by Paris, Clermont-Ferrand, Gu\u00eetres-Toulouse, B\u00e9ziers, Pierrelatte, Annecy and Nevers.<\/p>\n`,\n            credit: ``,\n    },\n        {\n      id: '1571',\n      name: '1994 &#8211; France and Italy',\n      year: '1994 - France and Italy',\n            locations: [\n\n                {\n          latitude: Number(47.468700),\n          longitude: Number(-0.558810),\n        },\n                {\n          latitude: Number(47.218372),\n          longitude: Number(-1.553621),\n        },\n                {\n          latitude: Number(46.791190),\n          longitude: Number(3.118480),\n        },\n                {\n          latitude: Number(45.7774551),\n          longitude: Number(3.0819427),\n        },\n                {\n          latitude: Number(45.3283),\n          longitude: Number(5.55342),\n        },\n                {\n          latitude: Number(45.0677551),\n          longitude: Number(7.6824892),\n        },\n                {\n          latitude: Number(45.886548),\n          longitude: Number(11.0452369),\n        },\n                {\n          latitude: Number(45.8992348),\n          longitude: Number(6.1288847),\n        },\n              ],\n            description: `<p>European tour of the OSJFP in France and Italy with concerts in Angers, Nantes, St-Pierre-le-Mo\u00fbtier, Clermont-Ferrand, Grenobles-Moirans, Turin, Rovereto and Annecy.<\/p>\n`,\n            credit: ``,\n    },\n        {\n      id: '1570',\n      name: '1992 &#8211; France',\n      year: '1992 - France',\n            locations: [\n\n                {\n          latitude: Number(47.468700),\n          longitude: Number(-0.558810),\n        },\n                {\n          latitude: Number(47.218372),\n          longitude: Number(-1.553621),\n        },\n                {\n          latitude: Number(46.791190),\n          longitude: Number(3.118480),\n        },\n                {\n          latitude: Number(44.375568),\n          longitude: Number(4.697840),\n        },\n                {\n          latitude: Number(45.2325079),\n          longitude: Number(5.681781),\n        },\n                {\n          latitude: Number(45.5662672),\n          longitude: Number(5.9203636),\n        },\n                {\n          latitude: Number(49.8597222),\n          longitude: Number(4.1375),\n        },\n                {\n          latitude: Number(47.3215806),\n          longitude: Number(5.0414701),\n        },\n              ],\n            description: `<p>European tour of the OSJFP in France with concerts in Angers, Nantes, St-Pierre-le-Mo\u00fbtier, Pierrelatte, St-Egr\u00e8ve, Chamb\u00e9ry, Martigny and Dijon.<\/p>\n`,\n            credit: ``,\n    },\n        {\n      id: '1565',\n      name: '1990 &#8211; Europe',\n      year: '1990 - Europe',\n            locations: [\n\n                {\n          latitude: Number(46.227638),\n          longitude: Number(2.213749),\n        },\n              ],\n            description: `<p>First European tour of the JFP Symphony Orchestra made possible by Jean-Marc Bisaillon who was actively involved for the Foundation and all other tours until 2011.<\/p>\n`,\n            credit: ``,\n    },\n      ]\n\n  \/\/ year bubbles initialization\n  let i = 0\n  for (let t of tournees) {\n    let side = i % 2 == 0 ? 'right' : 'left'\n    let offSide = i % 2 == 0 ? 'left' : 'right'\n    i++\n    let span = document.createElement('span')\n    span.innerHTML = t.year\n    $(`.jfp-archive-tournees-list-timeline-${side}`).append(`\n      <div class=\"jfp-tournee-year\" onClick=\"getTour(${t.id})\" data-id=\"${t.id}\">\n        <p>${t.year}<\/p>\n        <div class=\"dot\" style=\"${offSide}:-8px\"><\/div>\n      <\/div>\n    `)\n  }\n\n  let pinsOnMap = [];\n  let map;\n\n  function getTour(id) {\n    \/\/ set active class\n    let t = tournees.find(obj => obj.id == id)\n    $('.jfp-tournee-year').each(function () {\n      if ($(this).data('id') == t.id) $(this).addClass('active')\n      else if ($(this).hasClass('active')) $(this).removeClass('active')\n    })\n    $('#tournee-title').html(t.name)\n    $('#tournee-description').html(t.description)\n    $('#tournee-gallery').html('')\n    $('#credit-photo').html('');\n    if (t.images){\n      for (let img of t.images){\n        let lightboxObj = '{\"items\":[{\"type\":\"image\",\"url\":\"' + img.original + '\"}],\"group\": \"group-' + id + '\"}';\n        $('#tournee-gallery').append(`\n          <a href=\"#\" class=\"jfp-gallery-image lightbox-link w-lightbox\" style=\"background-image:url('${img.thumbnail}');background-size:cover;background-position:center\">\n            <script type=\"application\/json\" class=\"w-json\">${lightboxObj}<\\\/script>\n          <\/a>\n        `);\n      }\n            $('script[src=\"\"]').remove();\n      $('<script>').attr('src', '').appendTo('head');\n      if(t.credit){\n        $('#credit-photo').html(t.credit);\n      }\n    }\n    if (!$('#tournee-modal').hasClass('open')) $('#tournee-modal').fadeIn(400)\n    let newCenterSet = false;\n    for(let i = 0; i < pinsOnMap.length; i++){\n      pinsOnMap[i].marker.setZIndex(1);\n      if(pinsOnMap[i].id == id){\n        pinsOnMap[i].marker.setIcon('https:\/\/www.fondationjfp.com\/wp-content\/themes\/fondation-jfp-main\/assets\/img\/map-pin-active.png');\n        pinsOnMap[i].marker.setZIndex(10);\n        if(!newCenterSet){\n          if((pinsOnMap[i].marker.getPosition().lat() - 4).toFixed(5) !== map.getCenter().lat().toFixed(5)){\n            map.panTo(new google.maps.LatLng((pinsOnMap[i].marker.getPosition().lat() - 4).toFixed(5), pinsOnMap[i].marker.getPosition().lng().toFixed(5)));\n          }\n          newCenterSet = true;\n        }\n      }else{\n        pinsOnMap[i].marker.setIcon('https:\/\/www.fondationjfp.com\/wp-content\/themes\/fondation-jfp-main\/assets\/img\/map-pin.png');\n      }\n    }\n  }\n\n  function closeModal() {\n    $('.jfp-tournee-year').each(function () {\n      if ($(this).hasClass('active')) $(this).removeClass('active')\n    })\n    $('#tournee-modal').fadeOut(400)\n    for(let i = 0; i < pinsOnMap.length; i++){\n      pinsOnMap[i].marker.setIcon('https:\/\/www.fondationjfp.com\/wp-content\/themes\/fondation-jfp-main\/assets\/img\/map-pin.png');\n    }\n  }\n\n\n  function initMap() {\n    map = new google.maps.Map(document.getElementById('jfp-tournee-map'), {\n      zoom: 5,\n      center: {\n        lat: 43.710175,\n        lng: 0,\n      },\n      zoomControl: true,\n      mapTypeControl: false,\n      scaleControl: false,\n      streetViewControl: false,\n      rotateControl: false,\n      fullscreenControl: false,\n      styles: [{\"featureType\":\"administrative\",\"elementType\":\"labels.text.fill\",\"stylers\":[{\"color\":\"#444444\"}]},{\"featureType\":\"landscape\",\"elementType\":\"all\",\"stylers\":[{\"color\":\"#f2f2f2\"}]},{\"featureType\":\"poi\",\"elementType\":\"all\",\"stylers\":[{\"visibility\":\"off\"}]},{\"featureType\":\"road\",\"elementType\":\"all\",\"stylers\":[{\"saturation\":-100},{\"lightness\":45}]},{\"featureType\":\"road.highway\",\"elementType\":\"all\",\"stylers\":[{\"visibility\":\"simplified\"}]},{\"featureType\":\"road.highway\",\"elementType\":\"geometry.fill\",\"stylers\":[{\"color\":\"#ffffff\"}]},{\"featureType\":\"road.arterial\",\"elementType\":\"labels.icon\",\"stylers\":[{\"visibility\":\"off\"}]},{\"featureType\":\"transit\",\"elementType\":\"all\",\"stylers\":[{\"visibility\":\"off\"}]},{\"featureType\":\"water\",\"elementType\":\"all\",\"stylers\":[{\"color\":\"#dde6e8\"},{\"visibility\":\"on\"}]}]\n    })\n    for (let t of tournees) {\n      if(t.locations){\n          for(let pin of t.locations){\n          let marker = new google.maps.Marker({\n            position: {\n              lat: pin.latitude,\n              lng: pin.longitude\n            },\n            icon: 'https:\/\/www.fondationjfp.com\/wp-content\/themes\/fondation-jfp-main\/assets\/img\/map-pin.png',\n            map\n          });\n          marker.addListener('click', () => {\n            getTour(t.id);\n          });\n          pinsOnMap.push({\n            id: t.id,\n            marker: marker,\n          });\n        }\n      }\n    }\n  }\n<\/script>\n<script async defer src=\"https:\/\/maps.googleapis.com\/maps\/api\/js?language=fr-CA&#038;key=AIzaSyCGhZEemK1FD6IL7bybf4WIpZsa1Ot4Id0&#038;callback=initMap\"><\/script><p><\/p>","protected":false},"excerpt":{"rendered":"","protected":false},"author":1,"featured_media":0,"parent":0,"menu_order":0,"comment_status":"closed","ping_status":"closed","template":"","meta":{"footnotes":""},"class_list":["post-1257","page","type-page","status-publish","hentry"],"yoast_head":"<!-- This site is optimized with the Yoast SEO plugin v24.5 - https:\/\/yoast.com\/wordpress\/plugins\/seo\/ -->\n<title>Tours and events outside Quebec | Fondation JFP<\/title>\n<meta name=\"robots\" content=\"index, follow, max-snippet:-1, max-image-preview:large, max-video-preview:-1\" \/>\n<link rel=\"canonical\" href=\"https:\/\/www.fondationjfp.com\/en\/tours-and-events-outside-quebec\/\" \/>\n<meta property=\"og:locale\" content=\"en_US\" \/>\n<meta property=\"og:type\" content=\"article\" \/>\n<meta property=\"og:title\" content=\"Tours and events outside Quebec | Fondation JFP\" \/>\n<meta property=\"og:url\" content=\"https:\/\/www.fondationjfp.com\/en\/tours-and-events-outside-quebec\/\" \/>\n<meta property=\"og:site_name\" content=\"Fondation JFP\" \/>\n<meta property=\"article:modified_time\" content=\"2022-03-02T20:51:26+00:00\" \/>\n<meta property=\"og:image\" content=\"https:\/\/www.fondationjfp.com\/wp-content\/uploads\/2021\/11\/iStock-1193050132-scaled.jpg\" \/>\n\t<meta property=\"og:image:width\" content=\"2560\" \/>\n\t<meta property=\"og:image:height\" content=\"1709\" \/>\n\t<meta property=\"og:image:type\" content=\"image\/jpeg\" \/>\n<meta name=\"twitter:card\" content=\"summary_large_image\" \/>\n<meta name=\"twitter:label1\" content=\"Est. reading time\" \/>\n\t<meta name=\"twitter:data1\" content=\"1 minute\" \/>\n<script type=\"application\/ld+json\" class=\"yoast-schema-graph\">{\"@context\":\"https:\/\/schema.org\",\"@graph\":[{\"@type\":\"WebPage\",\"@id\":\"https:\/\/www.fondationjfp.com\/en\/tours-and-events-outside-quebec\/\",\"url\":\"https:\/\/www.fondationjfp.com\/en\/tours-and-events-outside-quebec\/\",\"name\":\"Tours and events outside Quebec | Fondation JFP\",\"isPartOf\":{\"@id\":\"https:\/\/www.fondationjfp.com\/en\/#website\"},\"datePublished\":\"2021-11-29T03:11:11+00:00\",\"dateModified\":\"2022-03-02T20:51:26+00:00\",\"breadcrumb\":{\"@id\":\"https:\/\/www.fondationjfp.com\/en\/tours-and-events-outside-quebec\/#breadcrumb\"},\"inLanguage\":\"en-US\",\"potentialAction\":[{\"@type\":\"ReadAction\",\"target\":[\"https:\/\/www.fondationjfp.com\/en\/tours-and-events-outside-quebec\/\"]}]},{\"@type\":\"BreadcrumbList\",\"@id\":\"https:\/\/www.fondationjfp.com\/en\/tours-and-events-outside-quebec\/#breadcrumb\",\"itemListElement\":[{\"@type\":\"ListItem\",\"position\":1,\"name\":\"Accueil\",\"item\":\"https:\/\/www.fondationjfp.com\/en\/\"},{\"@type\":\"ListItem\",\"position\":2,\"name\":\"Tours and events outside Quebec\"}]},{\"@type\":\"WebSite\",\"@id\":\"https:\/\/www.fondationjfp.com\/en\/#website\",\"url\":\"https:\/\/www.fondationjfp.com\/en\/\",\"name\":\"Fondation JFP\",\"description\":\"Soutenir les r\u00eaves et l&#039;excellence en musique\",\"publisher\":{\"@id\":\"https:\/\/www.fondationjfp.com\/en\/#organization\"},\"potentialAction\":[{\"@type\":\"SearchAction\",\"target\":{\"@type\":\"EntryPoint\",\"urlTemplate\":\"https:\/\/www.fondationjfp.com\/en\/?s={search_term_string}\"},\"query-input\":{\"@type\":\"PropertyValueSpecification\",\"valueRequired\":true,\"valueName\":\"search_term_string\"}}],\"inLanguage\":\"en-US\"},{\"@type\":\"Organization\",\"@id\":\"https:\/\/www.fondationjfp.com\/en\/#organization\",\"name\":\"Fondation Joseph-Fran\u00e7ois-Perrault\",\"url\":\"https:\/\/www.fondationjfp.com\/en\/\",\"logo\":{\"@type\":\"ImageObject\",\"inLanguage\":\"en-US\",\"@id\":\"https:\/\/www.fondationjfp.com\/en\/#\/schema\/logo\/image\/\",\"url\":\"https:\/\/www.fondationjfp.com\/wp-content\/uploads\/2021\/11\/logo-complet-blanc-1.png\",\"contentUrl\":\"https:\/\/www.fondationjfp.com\/wp-content\/uploads\/2021\/11\/logo-complet-blanc-1.png\",\"width\":551,\"height\":63,\"caption\":\"Fondation Joseph-Fran\u00e7ois-Perrault\"},\"image\":{\"@id\":\"https:\/\/www.fondationjfp.com\/en\/#\/schema\/logo\/image\/\"}}]}<\/script>\n<!-- \/ Yoast SEO plugin. -->","yoast_head_json":{"title":"Tours and events outside Quebec | Fondation JFP","robots":{"index":"index","follow":"follow","max-snippet":"max-snippet:-1","max-image-preview":"max-image-preview:large","max-video-preview":"max-video-preview:-1"},"canonical":"https:\/\/www.fondationjfp.com\/en\/tours-and-events-outside-quebec\/","og_locale":"en_US","og_type":"article","og_title":"Tours and events outside Quebec | Fondation JFP","og_url":"https:\/\/www.fondationjfp.com\/en\/tours-and-events-outside-quebec\/","og_site_name":"Fondation JFP","article_modified_time":"2022-03-02T20:51:26+00:00","og_image":[{"width":2560,"height":1709,"url":"https:\/\/www.fondationjfp.com\/wp-content\/uploads\/2021\/11\/iStock-1193050132-scaled.jpg","type":"image\/jpeg"}],"twitter_card":"summary_large_image","twitter_misc":{"Est. reading time":"1 minute"},"schema":{"@context":"https:\/\/schema.org","@graph":[{"@type":"WebPage","@id":"https:\/\/www.fondationjfp.com\/en\/tours-and-events-outside-quebec\/","url":"https:\/\/www.fondationjfp.com\/en\/tours-and-events-outside-quebec\/","name":"Tours and events outside Quebec | Fondation JFP","isPartOf":{"@id":"https:\/\/www.fondationjfp.com\/en\/#website"},"datePublished":"2021-11-29T03:11:11+00:00","dateModified":"2022-03-02T20:51:26+00:00","breadcrumb":{"@id":"https:\/\/www.fondationjfp.com\/en\/tours-and-events-outside-quebec\/#breadcrumb"},"inLanguage":"en-US","potentialAction":[{"@type":"ReadAction","target":["https:\/\/www.fondationjfp.com\/en\/tours-and-events-outside-quebec\/"]}]},{"@type":"BreadcrumbList","@id":"https:\/\/www.fondationjfp.com\/en\/tours-and-events-outside-quebec\/#breadcrumb","itemListElement":[{"@type":"ListItem","position":1,"name":"Accueil","item":"https:\/\/www.fondationjfp.com\/en\/"},{"@type":"ListItem","position":2,"name":"Tours and events outside Quebec"}]},{"@type":"WebSite","@id":"https:\/\/www.fondationjfp.com\/en\/#website","url":"https:\/\/www.fondationjfp.com\/en\/","name":"Fondation JFP","description":"Soutenir les r\u00eaves et l&#039;excellence en musique","publisher":{"@id":"https:\/\/www.fondationjfp.com\/en\/#organization"},"potentialAction":[{"@type":"SearchAction","target":{"@type":"EntryPoint","urlTemplate":"https:\/\/www.fondationjfp.com\/en\/?s={search_term_string}"},"query-input":{"@type":"PropertyValueSpecification","valueRequired":true,"valueName":"search_term_string"}}],"inLanguage":"en-US"},{"@type":"Organization","@id":"https:\/\/www.fondationjfp.com\/en\/#organization","name":"Fondation Joseph-Fran\u00e7ois-Perrault","url":"https:\/\/www.fondationjfp.com\/en\/","logo":{"@type":"ImageObject","inLanguage":"en-US","@id":"https:\/\/www.fondationjfp.com\/en\/#\/schema\/logo\/image\/","url":"https:\/\/www.fondationjfp.com\/wp-content\/uploads\/2021\/11\/logo-complet-blanc-1.png","contentUrl":"https:\/\/www.fondationjfp.com\/wp-content\/uploads\/2021\/11\/logo-complet-blanc-1.png","width":551,"height":63,"caption":"Fondation Joseph-Fran\u00e7ois-Perrault"},"image":{"@id":"https:\/\/www.fondationjfp.com\/en\/#\/schema\/logo\/image\/"}}]}},"_links":{"self":[{"href":"https:\/\/www.fondationjfp.com\/en\/wp-json\/wp\/v2\/pages\/1257","targetHints":{"allow":["GET"]}}],"collection":[{"href":"https:\/\/www.fondationjfp.com\/en\/wp-json\/wp\/v2\/pages"}],"about":[{"href":"https:\/\/www.fondationjfp.com\/en\/wp-json\/wp\/v2\/types\/page"}],"author":[{"embeddable":true,"href":"https:\/\/www.fondationjfp.com\/en\/wp-json\/wp\/v2\/users\/1"}],"replies":[{"embeddable":true,"href":"https:\/\/www.fondationjfp.com\/en\/wp-json\/wp\/v2\/comments?post=1257"}],"version-history":[{"count":1,"href":"https:\/\/www.fondationjfp.com\/en\/wp-json\/wp\/v2\/pages\/1257\/revisions"}],"predecessor-version":[{"id":1259,"href":"https:\/\/www.fondationjfp.com\/en\/wp-json\/wp\/v2\/pages\/1257\/revisions\/1259"}],"wp:attachment":[{"href":"https:\/\/www.fondationjfp.com\/en\/wp-json\/wp\/v2\/media?parent=1257"}],"curies":[{"name":"wp","href":"https:\/\/api.w.org\/{rel}","templated":true}]}}