{"id":1247,"date":"2021-11-30T18:06:25","date_gmt":"2021-11-30T18:06:25","guid":{"rendered":"https:\/\/www.fondationjfp.com\/partenaires\/"},"modified":"2024-06-03T03:17:47","modified_gmt":"2024-06-03T03:17:47","slug":"sponsors-and-donors","status":"publish","type":"page","link":"https:\/\/www.fondationjfp.com\/en\/sponsors-and-donors\/","title":{"rendered":"Sponsors and donors"},"content":{"rendered":"<section class=\"jfp-home-hero-inner\" style=\"background:linear-gradient(180deg, rgba(16, 21, 45, 0.42) 0%, rgba(16, 21, 45, 0.42) 44.11%, rgba(179, 87, 33, 0.42) 56.88%, rgba(255, 255, 255, 0.42) 100%), url('https:\/\/www.fondationjfp.com\/wp-content\/uploads\/2021\/11\/photo_long-scaled.jpg');background-size:cover;background-position:center;background-attachment:fixed;\">\n  <div class=\"w-container jfp-home-hero-inner-content\">\n        <h1>Sponsors and donors<\/h1>\n        \n<p><\/p>\n\n      <\/div>\n<\/section><div class=\"w-container\">\n    \n<div style=\"height:40px\" aria-hidden=\"true\" class=\"wp-block-spacer\"><\/div>\n\n<h2 class=\"wp-block-heading has-primary-theme-color-color has-text-color\" id=\"partenaires-majeurs\">Major sponsors<\/h2>\n\n<div class=\"wp-block-columns is-layout-flex wp-container-core-columns-is-layout-9d6595d7 wp-block-columns-is-layout-flex\"><div class=\"wp-block-column is-layout-flow wp-block-column-is-layout-flow\" style=\"flex-basis:66.66%\"><h4 class=\"wp-block-heading\" id=\"fondation-azrieli\"><strong>Desjardins &#8211; Caisse du Centre-est de Montr\u00e9al<\/strong><\/h4>\n\n<p>Desjardins &#8211; Caisse du Centre-est de Montr\u00e9al has been a strong supporter of the JFP Foundation for many years.<\/p>\n\n<p>The Fondation JFP and the students of the JFP Orchestra are grateful to be able to count on the Caisse du Centre-Est de Montr\u00e9al to support the Concert-Gala, thanks to a donation of $20,000.<\/p><\/div>\n\n<div class=\"wp-block-column is-vertically-aligned-center is-layout-flow wp-block-column-is-layout-flow\" style=\"flex-basis:33.33%\"><div class=\"wp-block-image\"><figure class=\"aligncenter size-full\"><img loading=\"lazy\" decoding=\"async\" width=\"625\" height=\"239\" src=\"https:\/\/www.fondationjfp.com\/wp-content\/uploads\/2024\/06\/815-30261.png\" alt=\"\" class=\"wp-image-4638\" srcset=\"https:\/\/www.fondationjfp.com\/wp-content\/uploads\/2024\/06\/815-30261.png 625w, https:\/\/www.fondationjfp.com\/wp-content\/uploads\/2024\/06\/815-30261-300x115.png 300w, https:\/\/www.fondationjfp.com\/wp-content\/uploads\/2024\/06\/815-30261-600x229.png 600w\" sizes=\"auto, (max-width: 625px) 100vw, 625px\" \/><\/figure><\/div><\/div><\/div>\n\n<hr class=\"wp-block-separator has-alpha-channel-opacity\"\/>\n\n<div class=\"wp-block-columns is-layout-flex wp-container-core-columns-is-layout-9d6595d7 wp-block-columns-is-layout-flex\"><div class=\"wp-block-column is-layout-flow wp-block-column-is-layout-flow\" style=\"flex-basis:66.66%\"><h4 class=\"wp-block-heading\" id=\"fondation-azrieli\">Azrieli Foundation<\/h4>\n\n<p>A huge thank you to the Azrieli Foundation, a new major partner in the concert series, which has given the JFP Foundation a total of $125,000 in donations since 2018.<\/p>\n\n<p>Among other things, the acquisition of several new instruments was made possible by the Azrieli Foundation through a donation of $7,400 in financial assistance, and it helped organize the &#8220;\u00c0 Huis Clos&#8221; concert at the Maison Symphonique on June 4, 2021.<\/p><\/div>\n\n<div class=\"wp-block-column is-vertically-aligned-center is-layout-flow wp-block-column-is-layout-flow\" style=\"flex-basis:33.33%\"><div class=\"wp-block-image\"><figure class=\"aligncenter size-full\"><img loading=\"lazy\" decoding=\"async\" width=\"220\" height=\"81\" src=\"http:\/\/www.fondationjfp.com\/wp-content\/uploads\/2021\/11\/logo-az-logo-white.png\" alt=\"\" class=\"wp-image-471\"\/><\/figure><\/div><\/div><\/div>\n\n<hr class=\"wp-block-separator has-css-opacity\"\/>\n\n<div class=\"wp-block-columns is-layout-flex wp-container-core-columns-is-layout-9d6595d7 wp-block-columns-is-layout-flex\"><div class=\"wp-block-column is-layout-flow wp-block-column-is-layout-flow\" style=\"flex-basis:66.66%\"><h4 class=\"wp-block-heading\" id=\"fondation-evenko\">Fondation Evenko<\/h4>\n\n<p>The Evenko Foundation&#8217;s mission is to give all of Quebec&#8217;s youth the means to develop through art and music and regularly donates instruments and equipment to several music programs in Quebec.<\/p>\n\n<p>The JFP Foundation is grateful to be able to count on the Evenko Foundation to support the purchase of instruments for JFP. In 2021, the Evenko Foundation donated 28 instruments valued at $28,000 to contribute to the musical advancement of the students of the JFP&nbsp; School.<\/p><\/div>\n\n<div class=\"wp-block-column is-vertically-aligned-center is-layout-flow wp-block-column-is-layout-flow\" style=\"flex-basis:33.33%\"><div class=\"wp-block-image\"><figure class=\"aligncenter size-full is-resized\"><img loading=\"lazy\" decoding=\"async\" width=\"700\" height=\"526\" src=\"http:\/\/www.fondationjfp.com\/wp-content\/uploads\/2021\/11\/Envenko-82879.png\" alt=\"\" class=\"wp-image-481\" style=\"width:175px;height:132px\" srcset=\"https:\/\/www.fondationjfp.com\/wp-content\/uploads\/2021\/11\/Envenko-82879.png 700w, https:\/\/www.fondationjfp.com\/wp-content\/uploads\/2021\/11\/Envenko-82879-300x225.png 300w, https:\/\/www.fondationjfp.com\/wp-content\/uploads\/2021\/11\/Envenko-82879-600x451.png 600w\" sizes=\"auto, (max-width: 700px) 100vw, 700px\" \/><\/figure><\/div><\/div><\/div>\n\n<hr class=\"wp-block-separator has-css-opacity\"\/>\n\n<div class=\"wp-block-columns is-layout-flex wp-container-core-columns-is-layout-9d6595d7 wp-block-columns-is-layout-flex\"><div class=\"wp-block-column is-layout-flow wp-block-column-is-layout-flow\" style=\"flex-basis:66.66%\"><h4 class=\"wp-block-heading\" id=\"fondation-evenko\">Foundation of Greater Montr\u00e9al<\/h4>\n\n<p>The Foundation of Greater Montreal has been a great supporter of JFP&#8217;s music department through first the Jos\u00e9e Coallier Fund, having donated over $6,500 for the Joseph-Fran\u00e7ois-Perrault Concert Hall project.<\/p>\n\n<p>In 2015, it was through a generous donation of $11,000 from the Jos\u00e9e and Michel Jacques Fund for Youth of the Foundation of Greater Montreal that JFP students were able to receive several new instruments.<\/p><\/div>\n\n<div class=\"wp-block-column is-vertically-aligned-center is-layout-flow wp-block-column-is-layout-flow\" style=\"flex-basis:33.33%\"><div class=\"wp-block-image\"><figure class=\"aligncenter size-full\"><img decoding=\"async\" src=\"https:\/\/www.fondationjfp.com\/wp-content\/uploads\/2022\/01\/Fondation-du-Grand-Montreal.png\" alt=\"\" class=\"wp-image-748\"\/><\/figure><\/div><\/div><\/div>\n\n<hr class=\"wp-block-separator has-css-opacity\"\/>\n\n<\/div><div class=\"w-container\">\n    \n<div style=\"height:40px\" aria-hidden=\"true\" class=\"wp-block-spacer\"><\/div>\n\n<h2 class=\"wp-block-heading has-primary-theme-color-color has-text-color\" id=\"partenaires-du-programme-d-aide-financiere\">Financial Assistance Program Partners<\/h2>\n\n<p class=\"has-primary-theme-color-color has-text-color\">The Foundation is privileged to count on several partner donors who help it offer more than $8,000 in scholarships to some thirty young people each year.<\/p>\n\n<div style=\"height:40px\" aria-hidden=\"true\" class=\"wp-block-spacer\"><\/div>\n\n<\/div><section>\n    <div class=\"w-container\">\n        <div class=\"fjp-donateurs-wrapper\">\n                                <div class=\"jfp-don-card has-rounded-corners\">\n                        <div class=\"jfp-don-logo\">\n                                                                <img decoding=\"async\" src=\"https:\/\/www.fondationjfp.com\/wp-content\/uploads\/2021\/11\/Logo-Desjardins-Caisse-du-Centre-est-de-Montreal.png\" \/>\n                                                    <\/div>\n                        <div>\n                            <h3>Desjardins<\/h3>\n                            <p><span style=\"font-weight: 400;\"><em>Caisse du Centre-Est de Montr\u00e9al<\/em> &#8211; $1,000<\/span><\/p>\n                        <\/div>\n                    <\/div>\n                                        <div class=\"jfp-don-card has-rounded-corners\">\n                        <div class=\"jfp-don-logo\">\n                                                                <img decoding=\"async\" src=\"https:\/\/www.fondationjfp.com\/wp-content\/uploads\/2024\/06\/Logo-Pere-Lindsay.jpg\" \/>\n                                                    <\/div>\n                        <div>\n                            <h3>Camp musical P\u00e8re Lindsay<\/h3>\n                            <p>500 $<\/p>\n                        <\/div>\n                    <\/div>\n                                        <div class=\"jfp-don-card has-rounded-corners\">\n                        <div class=\"jfp-don-logo\">\n                                                                <img decoding=\"async\" class=\"default-icon\" src=\"https:\/\/www.fondationjfp.com\/wp-content\/themes\/fondation-jfp-main\/assets\/img\/jfp-don-logo-ocre.png\" \/>\n                                                    <\/div>\n                        <div>\n                            <h3>Bourse CODA<\/h3>\n                            <p>300 $<\/p>\n                        <\/div>\n                    <\/div>\n                                        <div class=\"jfp-don-card has-rounded-corners\">\n                        <div class=\"jfp-don-logo\">\n                                                                <img decoding=\"async\" src=\"https:\/\/www.fondationjfp.com\/wp-content\/uploads\/2024\/06\/logo-PJM.jpg\" \/>\n                                                    <\/div>\n                        <div>\n                            <h3>Philharmonie Jeunesse de Montr\u00e9al<\/h3>\n                            <p>300 $<\/p>\n                        <\/div>\n                    <\/div>\n                                        <div class=\"jfp-don-card has-rounded-corners\">\n                        <div class=\"jfp-don-logo\">\n                                                                <img decoding=\"async\" class=\"default-icon\" src=\"https:\/\/www.fondationjfp.com\/wp-content\/themes\/fondation-jfp-main\/assets\/img\/jfp-don-logo-ocre.png\" \/>\n                                                    <\/div>\n                        <div>\n                            <h3>Trudel-L\u00e9pine Family<\/h3>\n                            <p>$1,500<\/p>\n                        <\/div>\n                    <\/div>\n                                        <div class=\"jfp-don-card has-rounded-corners\">\n                        <div class=\"jfp-don-logo\">\n                                                                <img decoding=\"async\" class=\"default-icon\" src=\"https:\/\/www.fondationjfp.com\/wp-content\/themes\/fondation-jfp-main\/assets\/img\/jfp-don-logo-ocre.png\" \/>\n                                                    <\/div>\n                        <div>\n                            <h3>Lepage Family<\/h3>\n                            <p>$1,000<\/p>\n                        <\/div>\n                    <\/div>\n                                        <div class=\"jfp-don-card has-rounded-corners\">\n                        <div class=\"jfp-don-logo\">\n                                                                <img decoding=\"async\" class=\"default-icon\" src=\"https:\/\/www.fondationjfp.com\/wp-content\/themes\/fondation-jfp-main\/assets\/img\/jfp-don-logo-ocre.png\" \/>\n                                                    <\/div>\n                        <div>\n                            <h3>H\u00e9l\u00e8ne Guillemette in memory of Raymond Grignet<\/h3>\n                            <p>$1,000<\/p>\n                        <\/div>\n                    <\/div>\n                                        <div class=\"jfp-don-card has-rounded-corners\">\n                        <div class=\"jfp-don-logo\">\n                                                                <img decoding=\"async\" class=\"default-icon\" src=\"https:\/\/www.fondationjfp.com\/wp-content\/themes\/fondation-jfp-main\/assets\/img\/jfp-don-logo-ocre.png\" \/>\n                                                    <\/div>\n                        <div>\n                            <h3>Optimists Clubs<\/h3>\n                            <p>$700<\/p>\n                        <\/div>\n                    <\/div>\n                                        <div class=\"jfp-don-card has-rounded-corners\">\n                        <div class=\"jfp-don-logo\">\n                                                                <img decoding=\"async\" src=\"https:\/\/www.fondationjfp.com\/wp-content\/uploads\/2021\/11\/Logo_CC_LuthiersFinal.jpg\" \/>\n                                                    <\/div>\n                        <div>\n                            <h3>Charette et Cossette<\/h3>\n                            <p>$300<\/p>\n                        <\/div>\n                    <\/div>\n                                        <div class=\"jfp-don-card has-rounded-corners\">\n                        <div class=\"jfp-don-logo\">\n                                                                <img decoding=\"async\" class=\"default-icon\" src=\"https:\/\/www.fondationjfp.com\/wp-content\/themes\/fondation-jfp-main\/assets\/img\/jfp-don-logo-ocre.png\" \/>\n                                                    <\/div>\n                        <div>\n                            <h3>Louis-Andr\u00e9 Fiset in memory of Ren\u00e9e Beaumier and C\u00e9line Cl\u00e9roux<\/h3>\n                            <p>$300<\/p>\n                        <\/div>\n                    <\/div>\n                            <\/div>\n    <\/div>\n<\/section><div class=\"w-container\">\n    \n<div style=\"height:60px\" aria-hidden=\"true\" class=\"wp-block-spacer\"><\/div>\n\n<h2 class=\"wp-block-heading has-primary-theme-color-color has-text-color\" id=\"partenaires-evenementiels\">Event partners<\/h2>\n\n<div class=\"wp-block-columns is-layout-flex wp-container-core-columns-is-layout-9d6595d7 wp-block-columns-is-layout-flex\"><div class=\"wp-block-column is-layout-flow wp-block-column-is-layout-flow\" style=\"flex-basis:66.66%\"><h4 class=\"wp-block-heading\" id=\"conservatoire-de-musique-de-montreal\">Conservatoire de Musique de Montr\u00e9al<\/h4>\n\n<p>The Conservatoire de Musique de Montr\u00e9al (CMM) and the Joseph-Fran\u00e7ois-Perrault School join forces annually to produce a concert of choral and orchestral works. Thanks to this partnership, the young musicians of the JFP Choir can sing with the Choir and Orchestra of the Conservatoire de musique de Montr\u00e9al.<\/p>\n\n<p>The Music Department and the JFP Foundation are proud of the large number of Conservatory students who are JFP graduates.<\/p><\/div>\n\n<div class=\"wp-block-column is-vertically-aligned-center is-layout-flow wp-block-column-is-layout-flow\" style=\"flex-basis:33.33%\"><div class=\"wp-block-image\"><figure class=\"aligncenter size-full\"><img loading=\"lazy\" decoding=\"async\" width=\"334\" height=\"185\" src=\"http:\/\/www.fondationjfp.com\/wp-content\/uploads\/2022\/01\/cmm-logo-rgb-noir_web-2.webp\" alt=\"\" class=\"wp-image-542\" srcset=\"https:\/\/www.fondationjfp.com\/wp-content\/uploads\/2022\/01\/cmm-logo-rgb-noir_web-2.webp 334w, https:\/\/www.fondationjfp.com\/wp-content\/uploads\/2022\/01\/cmm-logo-rgb-noir_web-2-300x166.webp 300w\" sizes=\"auto, (max-width: 334px) 100vw, 334px\" \/><\/figure><\/div><\/div><\/div>\n\n<hr class=\"wp-block-separator has-css-opacity\"\/>\n\n<div class=\"wp-block-columns is-layout-flex wp-container-core-columns-is-layout-9d6595d7 wp-block-columns-is-layout-flex\"><div class=\"wp-block-column is-layout-flow wp-block-column-is-layout-flow\" style=\"flex-basis:66.66%\"><h4 class=\"wp-block-heading\" id=\"dear-criminals\">Dear Criminals<\/h4>\n\n<p>Dear Criminals&#8217; Live album with the Joseph-Fran\u00e7ois-Perrault School Choir was recorded at the Saint-Jean-Baptiste Church in Montreal on September 16, 2016. Half of the funds raised from the sale of this album are donated to the Joseph-Fran\u00e7ois-Perrault Foundation.<\/p>\n\n<div style=\"height:20px\" aria-hidden=\"true\" class=\"wp-block-spacer\"><\/div>\n\n<div class=\"wp-block-buttons is-layout-flex wp-block-buttons-is-layout-flex\"><div class=\"wp-block-button is-style-outline is-style-outline--1\"><a class=\"wp-block-button__link has-primary-theme-color-color has-text-color wp-element-button\" href=\"https:\/\/dearcriminals.bandcamp.com\/album\/live-avec-le-choeur-jfp\" target=\"_blank\" rel=\"noreferrer noopener\">View album on Bandcamp<\/a><\/div><\/div><\/div>\n\n<div class=\"wp-block-column is-vertically-aligned-center is-layout-flow wp-block-column-is-layout-flow\" style=\"flex-basis:33.33%\"><div class=\"wp-block-image\"><figure class=\"aligncenter size-full\"><img loading=\"lazy\" decoding=\"async\" width=\"238\" height=\"238\" src=\"http:\/\/www.fondationjfp.com\/wp-content\/uploads\/2022\/01\/f2b700_ac886cc67e4e42ce90aaa49f866df9c3_mv2.webp\" alt=\"\" class=\"wp-image-544\" srcset=\"https:\/\/www.fondationjfp.com\/wp-content\/uploads\/2022\/01\/f2b700_ac886cc67e4e42ce90aaa49f866df9c3_mv2.webp 238w, https:\/\/www.fondationjfp.com\/wp-content\/uploads\/2022\/01\/f2b700_ac886cc67e4e42ce90aaa49f866df9c3_mv2-150x150.webp 150w, https:\/\/www.fondationjfp.com\/wp-content\/uploads\/2022\/01\/f2b700_ac886cc67e4e42ce90aaa49f866df9c3_mv2-100x100.webp 100w\" sizes=\"auto, (max-width: 238px) 100vw, 238px\" \/><\/figure><\/div><\/div><\/div>\n\n<div style=\"height:40px\" aria-hidden=\"true\" class=\"wp-block-spacer\"><\/div>\n\n<\/div><div class=\"w-container\">\n    \n<div style=\"height:30px\" aria-hidden=\"true\" class=\"wp-block-spacer\"><\/div>\n\n<div class=\"big-cta-wrapper has-rounded-corners jfp-arrive\" style=\"width:80%;\">\n    <div class=\"big-cta-background has-rounded-corners has-primary-theme-color-background-color\"><\/div>\n    <div class=\"big-cta-img has-rounded-corners grosse-image\" style=\"background-image:url('https:\/\/www.fondationjfp.com\/wp-content\/uploads\/2021\/11\/MAL1518_WEB-e1637547842406.jpg');\"><\/div>\n    <div class=\"big-cta-content grosse-image\">\n        \n<h2 class=\"wp-block-heading\" id=\"soutenir-la-musique-a-jfp\">Support music at JFP<\/h2>\n\n<div class=\"wp-block-button has-custom-font-size\" style=\"font-size:22px\"><a class=\"wp-block-button__link has-background wp-element-button\" href=\"https:\/\/www.fondationjfp.com\/en\/donate\/\" style=\"background-color:#3eb7ad\">Donate<\/a><\/div>\n\n    <\/div>\n<\/div>\n\n<div style=\"height:50px\" aria-hidden=\"true\" class=\"wp-block-spacer\"><\/div>\n\n<\/div>","protected":false},"excerpt":{"rendered":"","protected":false},"author":1,"featured_media":1059,"parent":0,"menu_order":0,"comment_status":"closed","ping_status":"closed","template":"","meta":{"footnotes":""},"class_list":["post-1247","page","type-page","status-publish","has-post-thumbnail","hentry"],"yoast_head":"<!-- This site is optimized with the Yoast SEO plugin v24.5 - https:\/\/yoast.com\/wordpress\/plugins\/seo\/ -->\n<title>Sponsors and donors | Fondation JFP<\/title>\n<meta name=\"robots\" content=\"index, follow, max-snippet:-1, max-image-preview:large, max-video-preview:-1\" \/>\n<link rel=\"canonical\" href=\"https:\/\/www.fondationjfp.com\/en\/sponsors-and-donors\/\" \/>\n<meta property=\"og:locale\" content=\"en_US\" \/>\n<meta property=\"og:type\" content=\"article\" \/>\n<meta property=\"og:title\" content=\"Sponsors and donors | Fondation JFP\" \/>\n<meta property=\"og:url\" content=\"https:\/\/www.fondationjfp.com\/en\/sponsors-and-donors\/\" \/>\n<meta property=\"og:site_name\" content=\"Fondation JFP\" \/>\n<meta property=\"article:modified_time\" content=\"2024-06-03T03:17:47+00:00\" \/>\n<meta property=\"og:image\" content=\"https:\/\/www.fondationjfp.com\/wp-content\/uploads\/2021\/11\/photo_long-scaled.jpg\" \/>\n\t<meta property=\"og:image:width\" content=\"2560\" \/>\n\t<meta property=\"og:image:height\" content=\"1260\" \/>\n\t<meta property=\"og:image:type\" content=\"image\/jpeg\" \/>\n<meta name=\"twitter:card\" content=\"summary_large_image\" \/>\n<meta name=\"twitter:label1\" content=\"Est. reading time\" \/>\n\t<meta name=\"twitter:data1\" content=\"3 minutes\" \/>\n<script type=\"application\/ld+json\" class=\"yoast-schema-graph\">{\"@context\":\"https:\/\/schema.org\",\"@graph\":[{\"@type\":\"WebPage\",\"@id\":\"https:\/\/www.fondationjfp.com\/en\/sponsors-and-donors\/\",\"url\":\"https:\/\/www.fondationjfp.com\/en\/sponsors-and-donors\/\",\"name\":\"Sponsors and donors | Fondation JFP\",\"isPartOf\":{\"@id\":\"https:\/\/www.fondationjfp.com\/en\/#website\"},\"primaryImageOfPage\":{\"@id\":\"https:\/\/www.fondationjfp.com\/en\/sponsors-and-donors\/#primaryimage\"},\"image\":{\"@id\":\"https:\/\/www.fondationjfp.com\/en\/sponsors-and-donors\/#primaryimage\"},\"thumbnailUrl\":\"https:\/\/www.fondationjfp.com\/wp-content\/uploads\/2021\/11\/photo_long-scaled.jpg\",\"datePublished\":\"2021-11-30T18:06:25+00:00\",\"dateModified\":\"2024-06-03T03:17:47+00:00\",\"breadcrumb\":{\"@id\":\"https:\/\/www.fondationjfp.com\/en\/sponsors-and-donors\/#breadcrumb\"},\"inLanguage\":\"en-US\",\"potentialAction\":[{\"@type\":\"ReadAction\",\"target\":[\"https:\/\/www.fondationjfp.com\/en\/sponsors-and-donors\/\"]}]},{\"@type\":\"ImageObject\",\"inLanguage\":\"en-US\",\"@id\":\"https:\/\/www.fondationjfp.com\/en\/sponsors-and-donors\/#primaryimage\",\"url\":\"https:\/\/www.fondationjfp.com\/wp-content\/uploads\/2021\/11\/photo_long-scaled.jpg\",\"contentUrl\":\"https:\/\/www.fondationjfp.com\/wp-content\/uploads\/2021\/11\/photo_long-scaled.jpg\",\"width\":2560,\"height\":1260,\"caption\":\"Beautiful woman musician plays the violin in her home, close-up. Female 's face is not visible.\"},{\"@type\":\"BreadcrumbList\",\"@id\":\"https:\/\/www.fondationjfp.com\/en\/sponsors-and-donors\/#breadcrumb\",\"itemListElement\":[{\"@type\":\"ListItem\",\"position\":1,\"name\":\"Accueil\",\"item\":\"https:\/\/www.fondationjfp.com\/en\/\"},{\"@type\":\"ListItem\",\"position\":2,\"name\":\"Sponsors and donors\"}]},{\"@type\":\"WebSite\",\"@id\":\"https:\/\/www.fondationjfp.com\/en\/#website\",\"url\":\"https:\/\/www.fondationjfp.com\/en\/\",\"name\":\"Fondation JFP\",\"description\":\"Soutenir les r\u00eaves et l&#039;excellence en musique\",\"publisher\":{\"@id\":\"https:\/\/www.fondationjfp.com\/en\/#organization\"},\"potentialAction\":[{\"@type\":\"SearchAction\",\"target\":{\"@type\":\"EntryPoint\",\"urlTemplate\":\"https:\/\/www.fondationjfp.com\/en\/?s={search_term_string}\"},\"query-input\":{\"@type\":\"PropertyValueSpecification\",\"valueRequired\":true,\"valueName\":\"search_term_string\"}}],\"inLanguage\":\"en-US\"},{\"@type\":\"Organization\",\"@id\":\"https:\/\/www.fondationjfp.com\/en\/#organization\",\"name\":\"Fondation Joseph-Fran\u00e7ois-Perrault\",\"url\":\"https:\/\/www.fondationjfp.com\/en\/\",\"logo\":{\"@type\":\"ImageObject\",\"inLanguage\":\"en-US\",\"@id\":\"https:\/\/www.fondationjfp.com\/en\/#\/schema\/logo\/image\/\",\"url\":\"https:\/\/www.fondationjfp.com\/wp-content\/uploads\/2021\/11\/logo-complet-blanc-1.png\",\"contentUrl\":\"https:\/\/www.fondationjfp.com\/wp-content\/uploads\/2021\/11\/logo-complet-blanc-1.png\",\"width\":551,\"height\":63,\"caption\":\"Fondation Joseph-Fran\u00e7ois-Perrault\"},\"image\":{\"@id\":\"https:\/\/www.fondationjfp.com\/en\/#\/schema\/logo\/image\/\"}}]}<\/script>\n<!-- \/ Yoast SEO plugin. -->","yoast_head_json":{"title":"Sponsors and donors | Fondation JFP","robots":{"index":"index","follow":"follow","max-snippet":"max-snippet:-1","max-image-preview":"max-image-preview:large","max-video-preview":"max-video-preview:-1"},"canonical":"https:\/\/www.fondationjfp.com\/en\/sponsors-and-donors\/","og_locale":"en_US","og_type":"article","og_title":"Sponsors and donors | Fondation JFP","og_url":"https:\/\/www.fondationjfp.com\/en\/sponsors-and-donors\/","og_site_name":"Fondation JFP","article_modified_time":"2024-06-03T03:17:47+00:00","og_image":[{"width":2560,"height":1260,"url":"https:\/\/www.fondationjfp.com\/wp-content\/uploads\/2021\/11\/photo_long-scaled.jpg","type":"image\/jpeg"}],"twitter_card":"summary_large_image","twitter_misc":{"Est. reading time":"3 minutes"},"schema":{"@context":"https:\/\/schema.org","@graph":[{"@type":"WebPage","@id":"https:\/\/www.fondationjfp.com\/en\/sponsors-and-donors\/","url":"https:\/\/www.fondationjfp.com\/en\/sponsors-and-donors\/","name":"Sponsors and donors | Fondation JFP","isPartOf":{"@id":"https:\/\/www.fondationjfp.com\/en\/#website"},"primaryImageOfPage":{"@id":"https:\/\/www.fondationjfp.com\/en\/sponsors-and-donors\/#primaryimage"},"image":{"@id":"https:\/\/www.fondationjfp.com\/en\/sponsors-and-donors\/#primaryimage"},"thumbnailUrl":"https:\/\/www.fondationjfp.com\/wp-content\/uploads\/2021\/11\/photo_long-scaled.jpg","datePublished":"2021-11-30T18:06:25+00:00","dateModified":"2024-06-03T03:17:47+00:00","breadcrumb":{"@id":"https:\/\/www.fondationjfp.com\/en\/sponsors-and-donors\/#breadcrumb"},"inLanguage":"en-US","potentialAction":[{"@type":"ReadAction","target":["https:\/\/www.fondationjfp.com\/en\/sponsors-and-donors\/"]}]},{"@type":"ImageObject","inLanguage":"en-US","@id":"https:\/\/www.fondationjfp.com\/en\/sponsors-and-donors\/#primaryimage","url":"https:\/\/www.fondationjfp.com\/wp-content\/uploads\/2021\/11\/photo_long-scaled.jpg","contentUrl":"https:\/\/www.fondationjfp.com\/wp-content\/uploads\/2021\/11\/photo_long-scaled.jpg","width":2560,"height":1260,"caption":"Beautiful woman musician plays the violin in her home, close-up. Female 's face is not visible."},{"@type":"BreadcrumbList","@id":"https:\/\/www.fondationjfp.com\/en\/sponsors-and-donors\/#breadcrumb","itemListElement":[{"@type":"ListItem","position":1,"name":"Accueil","item":"https:\/\/www.fondationjfp.com\/en\/"},{"@type":"ListItem","position":2,"name":"Sponsors and donors"}]},{"@type":"WebSite","@id":"https:\/\/www.fondationjfp.com\/en\/#website","url":"https:\/\/www.fondationjfp.com\/en\/","name":"Fondation JFP","description":"Soutenir les r\u00eaves et l&#039;excellence en musique","publisher":{"@id":"https:\/\/www.fondationjfp.com\/en\/#organization"},"potentialAction":[{"@type":"SearchAction","target":{"@type":"EntryPoint","urlTemplate":"https:\/\/www.fondationjfp.com\/en\/?s={search_term_string}"},"query-input":{"@type":"PropertyValueSpecification","valueRequired":true,"valueName":"search_term_string"}}],"inLanguage":"en-US"},{"@type":"Organization","@id":"https:\/\/www.fondationjfp.com\/en\/#organization","name":"Fondation Joseph-Fran\u00e7ois-Perrault","url":"https:\/\/www.fondationjfp.com\/en\/","logo":{"@type":"ImageObject","inLanguage":"en-US","@id":"https:\/\/www.fondationjfp.com\/en\/#\/schema\/logo\/image\/","url":"https:\/\/www.fondationjfp.com\/wp-content\/uploads\/2021\/11\/logo-complet-blanc-1.png","contentUrl":"https:\/\/www.fondationjfp.com\/wp-content\/uploads\/2021\/11\/logo-complet-blanc-1.png","width":551,"height":63,"caption":"Fondation Joseph-Fran\u00e7ois-Perrault"},"image":{"@id":"https:\/\/www.fondationjfp.com\/en\/#\/schema\/logo\/image\/"}}]}},"_links":{"self":[{"href":"https:\/\/www.fondationjfp.com\/en\/wp-json\/wp\/v2\/pages\/1247","targetHints":{"allow":["GET"]}}],"collection":[{"href":"https:\/\/www.fondationjfp.com\/en\/wp-json\/wp\/v2\/pages"}],"about":[{"href":"https:\/\/www.fondationjfp.com\/en\/wp-json\/wp\/v2\/types\/page"}],"author":[{"embeddable":true,"href":"https:\/\/www.fondationjfp.com\/en\/wp-json\/wp\/v2\/users\/1"}],"replies":[{"embeddable":true,"href":"https:\/\/www.fondationjfp.com\/en\/wp-json\/wp\/v2\/comments?post=1247"}],"version-history":[{"count":10,"href":"https:\/\/www.fondationjfp.com\/en\/wp-json\/wp\/v2\/pages\/1247\/revisions"}],"predecessor-version":[{"id":4652,"href":"https:\/\/www.fondationjfp.com\/en\/wp-json\/wp\/v2\/pages\/1247\/revisions\/4652"}],"wp:featuredmedia":[{"embeddable":true,"href":"https:\/\/www.fondationjfp.com\/en\/wp-json\/wp\/v2\/media\/1059"}],"wp:attachment":[{"href":"https:\/\/www.fondationjfp.com\/en\/wp-json\/wp\/v2\/media?parent=1247"}],"curies":[{"name":"wp","href":"https:\/\/api.w.org\/{rel}","templated":true}]}}