{"id":1243,"date":"2021-11-19T22:01:18","date_gmt":"2021-11-19T22:01:18","guid":{"rendered":"https:\/\/www.fondationjfp.com\/medias\/"},"modified":"2022-03-02T20:45:33","modified_gmt":"2022-03-02T20:45:33","slug":"news","status":"publish","type":"page","link":"https:\/\/www.fondationjfp.com\/en\/news\/","title":{"rendered":"News"},"content":{"rendered":"<section class=\"jfp-home-hero-inner\" style=\"background:linear-gradient(180deg, rgba(16, 21, 45, 0.42) 0%, rgba(16, 21, 45, 0.42) 44.11%, rgba(179, 87, 33, 0.42) 56.88%, rgba(255, 255, 255, 0.42) 100%), url('https:\/\/www.fondationjfp.com\/wp-content\/uploads\/2021\/11\/iStock-1193050132-scaled.jpg');background-size:cover;background-position:center;background-attachment:fixed;\">\n  <div class=\"w-container jfp-home-hero-inner-content\">\n        <h1>News<\/h1>\n        \n      <\/div>\n<\/section><div style=\"height:100px\" aria-hidden=\"true\" class=\"wp-block-spacer\"><\/div><div class=\"w-container\">\n    \n<h2 class=\"wp-block-heading\" id=\"on-parle-de-jfp-dans-les-medias\">JFP makes the news<\/h2>\n\n<div style=\"height:25px\" aria-hidden=\"true\" class=\"wp-block-spacer\"><\/div>\n\n<\/div><div class=\"w-container\">\n    <div class=\"jfp-documentary-archive\">\n        <div class=\"jfp-documentary-archive-line\"><\/div>\n        <div class=\"jfp-documentary-archive-line l2\"><\/div>\n                                    <div id=\"article1262\" class=\"jfp-document\">\n                    <div class=\"jfp-document-dot has-primary-theme-color-background-color\" style=\"left:18px;\"><\/div>\n                    <div class=\"jfp-document-content\">\n                                                <div class=\"jfp-document-data\">\n                          <p class=\"jfp-document-date\">14 June 2021<\/p>\n                                                      <h2 style=\"font-size:1.1em\">Radio-Canada<\/h2>\n                                                                                <p>Story by Catherine Richer &#8211; Instrument donation to JFP (Evenko Donation) \u2013 in French<\/p>                                                                                <a target=\"_blank\" href=\"https:\/\/ici.radio-canada.ca\/ohdio\/premiere\/emissions\/le-15-18\/episodes\/540220\/rattrapage-du-lundi-14-juin-2021\/23\">https:\/\/ici.radio-canada.ca\/ohdio\/premiere\/emissions\/le-15-18\/episodes\/540220\/rattrapage-du-lundi-14-juin-2021\/23<\/a>\n                                                  <\/div>\n                    <\/div>\n                <\/div>\n                            <div id=\"article1263\" class=\"jfp-document\">\n                    <div class=\"jfp-document-dot has-primary-theme-color-background-color\" style=\"left:18px;\"><\/div>\n                    <div class=\"jfp-document-content\">\n                                                <div class=\"jfp-document-data\">\n                          <p class=\"jfp-document-date\">14 June 2021<\/p>\n                                                      <h2 style=\"font-size:1.1em\">L\u2019initiative | Arnaud Soly on a virtual visit to his high school<\/h2>\n                                                                                <p>Arnaud Soly on a virtual visit to his high school &#8211; Joseph-Fran\u00e7ois-Perrault in the St-Michel district &#8211; to donate $30,000 in musical instruments (Evenko Donation) \u2013 in French<\/p>                                                                                <a target=\"_blank\" href=\"https:\/\/linitiative.ca\/arnaud-soly-en-visite-virtuelle-son-cole-secondaire-joseph-franois-perrault-dans-le-quartier-st-michel-pour-remettre-30-000-en-instruments-de-musique\/\">https:\/\/linitiative.ca\/arnaud-soly-en-visite-virtuelle-son-cole-secondaire-joseph-franois-perrault-dans-le-quartier-st-michel-pour-remettre-30-000-en-instruments-de-musique\/<\/a>\n                                                  <\/div>\n                    <\/div>\n                <\/div>\n                            <div id=\"article1270\" class=\"jfp-document\">\n                    <div class=\"jfp-document-dot has-primary-theme-color-background-color\" style=\"left:-7px;\"><\/div>\n                    <div class=\"jfp-document-content\">\n                                                <div class=\"jfp-document-data\">\n                          <p class=\"jfp-document-date\">14 June 2021<\/p>\n                                                      <h2 style=\"font-size:1.1em\">Broadway World<\/h2>\n                                                                                <p>Arnaud Soly Makes A Virtual Visit To His High School To Give $30,000 In Musical Instruments (Evenko Donation)<\/p>                                                                                <a target=\"_blank\" href=\"https:\/\/www.broadwayworld.com\/montreal\/article\/Arnaud-Soly-Makes-A-Virtual-Visit-To-His-High-School-To-Give-30000-In-Musical-Instruments-20210614\">https:\/\/www.broadwayworld.com\/montreal\/article\/Arnaud-Soly-Makes-A-Virtual-Visit-To-His-High-School-To-Give-30000-In-Musical-Instruments-20210614<\/a>\n                                                  <\/div>\n                    <\/div>\n                <\/div>\n                            <div id=\"article1271\" class=\"jfp-document\">\n                    <div class=\"jfp-document-dot has-primary-theme-color-background-color\" style=\"left:-7px;\"><\/div>\n                    <div class=\"jfp-document-content\">\n                                                <div class=\"jfp-document-data\">\n                          <p class=\"jfp-document-date\">14 June 2021<\/p>\n                                                      <h2 style=\"font-size:1.1em\">Radio-Canada<\/h2>\n                                                                                <p>Arnaud Soly and the Evenko Foundation donate $30,000 worth of instruments to a school \u2013 in French<\/p>                                                                                <a target=\"_blank\" href=\"https:\/\/ici.radio-canada.ca\/nouvelle\/1801570\/arnaud-soly-fondation-evenko-30-000-dollars-instruments-musique-ecole-montreal?fbclid=IwAR2vCNKkbBdYZn-aiQGRDn9Ma2rECXqNyh9MQBrCLFMOiDIVcHgpKiArG7s\">https:\/\/ici.radio-canada.ca\/nouvelle\/1801570\/arnaud-soly-fondation-evenko-30-000-dollars-instruments-musique-ecole-montreal?fbclid=IwAR2vCNKkbBdYZn-aiQGRDn9Ma2rECXqNyh9MQBrCLFMOiDIVcHgpKiArG7s<\/a>\n                                                  <\/div>\n                    <\/div>\n                <\/div>\n                            <div id=\"article1272\" class=\"jfp-document\">\n                    <div class=\"jfp-document-dot has-primary-theme-color-background-color\" style=\"left:18px;\"><\/div>\n                    <div class=\"jfp-document-content\">\n                                                <div class=\"jfp-document-data\">\n                          <p class=\"jfp-document-date\">30 November 2020<\/p>\n                                                      <h2 style=\"font-size:1.1em\">La Presse | Lighting the passion<\/h2>\n                                                                                <p>The gratitude of the trombonist (interview of Laurence Lafond-Beaulne and \u00c9ric Levasseur) \u2013 in French<\/p>                                                                                <a target=\"_blank\" href=\"https:\/\/www.lapresse.ca\/arts\/musique\/2020-11-30\/allumeurs-de-passion\/laurence-lafond-beaulne-la-gratitude-de-la-tromboniste.php\">https:\/\/www.lapresse.ca\/arts\/musique\/2020-11-30\/allumeurs-de-passion\/laurence-lafond-beaulne-la-gratitude-de-la-tromboniste.php<\/a>\n                                                  <\/div>\n                    <\/div>\n                <\/div>\n                            <div id=\"article1283\" class=\"jfp-document\">\n                    <div class=\"jfp-document-dot has-primary-theme-color-background-color\" style=\"left:-7px;\"><\/div>\n                    <div class=\"jfp-document-content\">\n                                                <div class=\"jfp-document-data\">\n                          <p class=\"jfp-document-date\">5 November 2020<\/p>\n                                                      <h2 style=\"font-size:1.1em\">OSM Web site | Interview with Thomas Le Duc-Moreau, Assistant Conductor of the OSM<\/h2>\n                                                                                <p>&#8220;When I was at Joseph-Fran\u00e7ois-Perrault, I had the chance to tour France three times for more than three weeks&#8230; and practically all of these tours were paid for by the Music Program Foundation! I developed a great sense of responsibility [&#8230;] At Joseph-Fran\u00e7ois-Perrault, we played the last concert of the tour practically without our scores, because we knew the pieces so well.&#8221;<\/p>                                                                                <a target=\"_blank\" href=\"https:\/\/www.osm.ca\/fr\/entrevue-avec-thomas-le-duc-moreau-chef-assistant-de-losm\/\">https:\/\/www.osm.ca\/fr\/entrevue-avec-thomas-le-duc-moreau-chef-assistant-de-losm\/<\/a>\n                                                  <\/div>\n                    <\/div>\n                <\/div>\n                            <div id=\"article1284\" class=\"jfp-document\">\n                    <div class=\"jfp-document-dot has-primary-theme-color-background-color\" style=\"left:-7px;\"><\/div>\n                    <div class=\"jfp-document-content\">\n                                                <div class=\"jfp-document-data\">\n                          <p class=\"jfp-document-date\">11 September 2019<\/p>\n                                                      <h2 style=\"font-size:1.1em\">Le Devoir | Ballet Opera Pantomime&#8217;s &#8220;Le vaisseau-c\u0153ur (heart-ship)&#8221;: with a heart this big!\u00a0 \u2013 in French<\/h2>\n                                                                                <p><em>But this new project, Le vaisseau-coeur, goes further. It touches us deeply, viscerally, because the heroines of this well thought-out and well-crafted show are 25 young girls from the Joseph-Fran\u00e7ois-Perrault school who carry it on their shoulders.<\/em><\/p><p><em>Here is a project that impresses us, but that will mark them for life. Engaged in the adventure on a voluntary basis, outside of any school program, they have memorized Poulenc and Messiaen, plus the gestures, movements and staging, while ensuring a vocal quality and intonation in formidable works. Such an accomplishment is deeply moving.<\/em><\/p>                                                                                <a target=\"_blank\" href=\"https:\/\/www.ledevoir.com\/culture\/musique\/562320\/bop\">https:\/\/www.ledevoir.com\/culture\/musique\/562320\/bop<\/a>\n                                                  <\/div>\n                    <\/div>\n                <\/div>\n                            <div id=\"article1285\" class=\"jfp-document\">\n                    <div class=\"jfp-document-dot has-primary-theme-color-background-color\" style=\"left:-7px;\"><\/div>\n                    <div class=\"jfp-document-content\">\n                                                <div class=\"jfp-document-data\">\n                          <p class=\"jfp-document-date\">10 September 2019<\/p>\n                                                      <h2 style=\"font-size:1.1em\">Radio-Canada | Tout un Matin<\/h2>\n                                                                                <p>Story by Eug\u00e9nie L\u00e9pine-Blondeau about the Vaisseau-C\u0153ur \u2013 in French<\/p>                                                                                <a target=\"_blank\" href=\"https:\/\/ici.radio-canada.ca\/ohdio\/premiere\/emissions\/tout-un-matin\/episodes\/442922\/audio-fil-du-mardi-10-septembre-2019\">https:\/\/ici.radio-canada.ca\/ohdio\/premiere\/emissions\/tout-un-matin\/episodes\/442922\/audio-fil-du-mardi-10-septembre-2019<\/a>\n                                                  <\/div>\n                    <\/div>\n                <\/div>\n                            <div id=\"article1286\" class=\"jfp-document\">\n                    <div class=\"jfp-document-dot has-primary-theme-color-background-color\" style=\"left:-7px;\"><\/div>\n                    <div class=\"jfp-document-content\">\n                                                <div class=\"jfp-document-data\">\n                          <p class=\"jfp-document-date\">7 September 2019<\/p>\n                                                      <h2 style=\"font-size:1.1em\">Le Devoir<\/h2>\n                                                                                <p>BOP, the youthful bet of Bourgie Hall (Bourgie Hall opens its season on Tuesday with Le vaisseau-coeur, a multidisciplinary show entrusted to the company Ballet Op\u00e9ra Pantomime (BOP) which will bring together 50 musicians, including I Musici and a choir of students from the Joseph-Fran\u00e7ois-Perrault school, under the direction of Hubert Tanguay-Labrosse) \u2013 in French<\/p>                                                                                <a target=\"_blank\" href=\"https:\/\/www.ledevoir.com\/culture\/musique\/562012\/entrevue-bop-le-pari-jeunesse-de-la-salle-bourgie\">https:\/\/www.ledevoir.com\/culture\/musique\/562012\/entrevue-bop-le-pari-jeunesse-de-la-salle-bourgie<\/a>\n                                                  <\/div>\n                    <\/div>\n                <\/div>\n                            <div id=\"article1287\" class=\"jfp-document\">\n                    <div class=\"jfp-document-dot has-primary-theme-color-background-color\" style=\"left:-7px;\"><\/div>\n                    <div class=\"jfp-document-content\">\n                                                <div class=\"jfp-document-data\">\n                          <p class=\"jfp-document-date\">6 September 2019<\/p>\n                                                      <h2 style=\"font-size:1.1em\">La Presse<\/h2>\n                                                                                  <p>And the vaisseau-c\u0153ur sails (article on the Ballet opera pantomime &#8211; mention JFP) \u2013 in French<\/p>\n                                                                                <a target=\"_blank\" href=\"https:\/\/www.lapresse.ca\/arts\/musique\/musique-classique\/201909\/06\/01-5240075-et-vogue-le-vaisseau-coeur.php\">https:\/\/www.lapresse.ca\/arts\/musique\/musique-classique\/201909\/06\/01-5240075-et-vogue-le-vaisseau-coeur.php<\/a>\n                                                  <\/div>\n                    <\/div>\n                <\/div>\n                            <div id=\"article1303\" class=\"jfp-document\">\n                    <div class=\"jfp-document-dot has-primary-theme-color-background-color\" style=\"left:18px;\"><\/div>\n                    <div class=\"jfp-document-content\">\n                                                <div class=\"jfp-document-data\">\n                          <p class=\"jfp-document-date\">28 May 2019<\/p>\n                                                      <h2 style=\"font-size:1.1em\">Kollectif.net<\/h2>\n                                                                                <p>Winners of the student architectural competition for the Joseph-Fran\u00e7ois Perrault School Music House \u2013 in French<\/p>                                                                                <a target=\"_blank\" href=\"https:\/\/kollectif.net\/61238-2\/\">https:\/\/kollectif.net\/61238-2\/<\/a>\n                                                  <\/div>\n                    <\/div>\n                <\/div>\n                            <div id=\"article1302\" class=\"jfp-document\">\n                    <div class=\"jfp-document-dot has-primary-theme-color-background-color\" style=\"left:-7px;\"><\/div>\n                    <div class=\"jfp-document-content\">\n                                                <div class=\"jfp-document-data\">\n                          <p class=\"jfp-document-date\">9 May 2019<\/p>\n                                                      <h2 style=\"font-size:1.1em\">Le Devoir | Lettre d\u2019opinion de Michel Gay<\/h2>\n                                                                                <p>Formidable jeunesse (on the May 3, 2019 concert at the Maison symphonique de Montr\u00e9al) \u2013 in French<\/p>                                                                                <a target=\"_blank\" href=\"https:\/\/www.ledevoir.com\/opinion\/lettres\/553954\/lettre-formidable-jeunesse\">https:\/\/www.ledevoir.com\/opinion\/lettres\/553954\/lettre-formidable-jeunesse<\/a>\n                                                  <\/div>\n                    <\/div>\n                <\/div>\n                            <div id=\"article1301\" class=\"jfp-document\">\n                    <div class=\"jfp-document-dot has-primary-theme-color-background-color\" style=\"left:-7px;\"><\/div>\n                    <div class=\"jfp-document-content\">\n                                                <div class=\"jfp-document-data\">\n                          <p class=\"jfp-document-date\">10 May 2018<\/p>\n                                                      <h2 style=\"font-size:1.1em\">Le Devoir<\/h2>\n                                                                                <p>The Joseph-Fran\u00e7ois-Perrault school students&#8217; heartfelt words (about the need to have access to adequate facilities).<\/p>                                                                                <a target=\"_blank\" href=\"https:\/\/www.ledevoir.com\/culture\/musique\/527341\/joseph-francois-perrault-un-grand-concert-en-attendant-la-salle\">https:\/\/www.ledevoir.com\/culture\/musique\/527341\/joseph-francois-perrault-un-grand-concert-en-attendant-la-salle<\/a>\n                                                  <\/div>\n                    <\/div>\n                <\/div>\n                            <div id=\"article1300\" class=\"jfp-document\">\n                    <div class=\"jfp-document-dot has-primary-theme-color-background-color\" style=\"left:-7px;\"><\/div>\n                    <div class=\"jfp-document-content\">\n                                                <div class=\"jfp-document-data\">\n                          <p class=\"jfp-document-date\">9 May 2018<\/p>\n                                                      <h2 style=\"font-size:1.1em\">La Presse | Concert for Joseph-Fran\u00e7ois-Perrault School<\/h2>\n                                                                                <p><em><em>Joseph-Fran\u00e7ois-Perrault is a musically oriented high school located in the Saint-Michel district. On Friday, renowned alumni (Milk &amp; Bone, Dear Criminals, Ariane Moffatt, Martine St-Clair, Pierre Lapointe) will come together to present a benefit concert at the Maison symphonique.<\/em><\/em><\/p>                                                                                <a target=\"_blank\" href=\"https:\/\/plus.lapresse.ca\/screens\/413a269f-ef8d-41d1-8d45-8f370fa375ef__7C___0.html\">https:\/\/plus.lapresse.ca\/screens\/413a269f-ef8d-41d1-8d45-8f370fa375ef__7C___0.html<\/a>\n                                                  <\/div>\n                    <\/div>\n                <\/div>\n                            <div id=\"article1299\" class=\"jfp-document\">\n                    <div class=\"jfp-document-dot has-primary-theme-color-background-color\" style=\"left:-7px;\"><\/div>\n                    <div class=\"jfp-document-content\">\n                                                <div class=\"jfp-document-data\">\n                          <p class=\"jfp-document-date\">3 May 2018<\/p>\n                                                      <h2 style=\"font-size:1.1em\">Ludwig van Montr\u00e9al | Grand concert JFP : for the future\u00a0 of the world \u2013 in French<\/h2>\n                                                                                <p><em><em>What do Martine St-Clair, Alain Trudel, Jean Marie Zeitouni and Frannie Holder from Dear Criminal and Random Recipe have in common? They all work in music, in the most varied styles. And they all attended a unique place in Montreal, in the heart of the Saint-Michel district: the Joseph-Fran\u00e7ois-Perrault school (JFP)!\u00a0<\/em><\/em><\/p>                                                                                <a target=\"_blank\" href=\"https:\/\/www.ludwig-van.com\/montreal\/2018\/05\/03\/concert-benefice-grand-concert-jfp-suite-monde\/\">https:\/\/www.ludwig-van.com\/montreal\/2018\/05\/03\/concert-benefice-grand-concert-jfp-suite-monde\/<\/a>\n                                                  <\/div>\n                    <\/div>\n                <\/div>\n                            <div id=\"article1318\" class=\"jfp-document\">\n                    <div class=\"jfp-document-dot has-primary-theme-color-background-color\" style=\"left:18px;\"><\/div>\n                    <div class=\"jfp-document-content\">\n                                                <div class=\"jfp-document-data\">\n                          <p class=\"jfp-document-date\">1 May 2018<\/p>\n                                                      <h2 style=\"font-size:1.1em\">Petition to the Minister of Education, Recreation and Sports for the expansion of Joseph-Fran\u00e7ois-Perrault School and the construction of a concert hall \u2013 in French<\/h2>\n                                                                                                                                                                  <a target=\"_blank\" href=\"https:\/\/www.mesopinions.com\/petition\/enfants\/salle-concert-agrandissement-ecole-joseph-francois\/42923\">https:\/\/www.mesopinions.com\/petition\/enfants\/salle-concert-agrandissement-ecole-joseph-francois\/42923<\/a>\n                                                  <\/div>\n                    <\/div>\n                <\/div>\n                            <div id=\"article1317\" class=\"jfp-document\">\n                    <div class=\"jfp-document-dot has-primary-theme-color-background-color\" style=\"left:18px;\"><\/div>\n                    <div class=\"jfp-document-content\">\n                                                <div class=\"jfp-document-data\">\n                          <p class=\"jfp-document-date\">1 October 2017<\/p>\n                                                      <h2 style=\"font-size:1.1em\">Ludwig van Montr\u00e9al | Vies en musique<\/h2>\n                                                                                  <p>Profile of Claude Arnold Thibault, retired teacher from Joseph-Fran\u00e7ois-Perrault: &#8220;The important thing is to be happy&#8221;.<\/p>\n                                                                                <a target=\"_blank\" href=\"https:\/\/www.ludwig-van.com\/montreal\/2017\/10\/01\/vies-musique-claude-arnold-thibault-enseignant-perreault\/\">https:\/\/www.ludwig-van.com\/montreal\/2017\/10\/01\/vies-musique-claude-arnold-thibault-enseignant-perreault\/<\/a>\n                                                  <\/div>\n                    <\/div>\n                <\/div>\n                            <div id=\"article1316\" class=\"jfp-document\">\n                    <div class=\"jfp-document-dot has-primary-theme-color-background-color\" style=\"left:-7px;\"><\/div>\n                    <div class=\"jfp-document-content\">\n                                                <div class=\"jfp-document-data\">\n                          <p class=\"jfp-document-date\">19 December 2016<\/p>\n                                                      <h2 style=\"font-size:1.1em\">Mattv.ca | Holiday show at Notre-Dame Basilica<\/h2>\n                                                                                  <p>Symphonic tale Les Mages<\/p>\n                                                                                <a target=\"_blank\" href=\"https:\/\/www.mattv.ca\/conte-symphonique-les-mages\/\">https:\/\/www.mattv.ca\/conte-symphonique-les-mages\/<\/a>\n                                                  <\/div>\n                    <\/div>\n                <\/div>\n                            <div id=\"article1315\" class=\"jfp-document\">\n                    <div class=\"jfp-document-dot has-primary-theme-color-background-color\" style=\"left:-7px;\"><\/div>\n                    <div class=\"jfp-document-content\">\n                                                <div class=\"jfp-document-data\">\n                          <p class=\"jfp-document-date\">5 March 2015<\/p>\n                                                      <h2 style=\"font-size:1.1em\">Le Journal de Montr\u00e9al | Bravissimo<\/h2>\n                                                                                <p>Selected for a prestigious music festival, the Joseph-Fran\u00e7ois-Perrault High School Symphony Orchestra performed on the legendary stage of Carnegie Hall in New York City. Bravissimo! \u2013 in French<\/p>                                                                                <a target=\"_blank\" href=\"https:\/\/www.journaldemontreal.com\/2015\/03\/05\/bravissimo\">https:\/\/www.journaldemontreal.com\/2015\/03\/05\/bravissimo<\/a>\n                                                  <\/div>\n                    <\/div>\n                <\/div>\n                            <div id=\"article1314\" class=\"jfp-document\">\n                    <div class=\"jfp-document-dot has-primary-theme-color-background-color\" style=\"left:-7px;\"><\/div>\n                    <div class=\"jfp-document-content\">\n                                                <div class=\"jfp-document-data\">\n                          <p class=\"jfp-document-date\">2 March 2015<\/p>\n                                                      <h2 style=\"font-size:1.1em\">Radio-Canada | Montreal students at Carnegie Hall: after the concert, the euphoria<\/h2>\n                                                                                  <p>Article on the experience of JFP students at the prestigious Carnegie Hall in New York &#8211; in French<\/p>\n                                                                                <a target=\"_blank\" href=\"https:\/\/ici.radio-canada.ca\/nouvelle\/709406\/eleves-montreal-carnegie-ovation-photoreportage\">https:\/\/ici.radio-canada.ca\/nouvelle\/709406\/eleves-montreal-carnegie-ovation-photoreportage<\/a>\n                                                  <\/div>\n                    <\/div>\n                <\/div>\n                            <div id=\"article1333\" class=\"jfp-document\">\n                    <div class=\"jfp-document-dot has-primary-theme-color-background-color\" style=\"left:-7px;\"><\/div>\n                    <div class=\"jfp-document-content\">\n                                                <div class=\"jfp-document-data\">\n                          <p class=\"jfp-document-date\">3 February 2015<\/p>\n                                                      <h2 style=\"font-size:1.1em\">La Presse | From the Classroom to Carnegie Hall \u2013 in Fench<\/h2>\n                                                                                                                                                                  <a target=\"_blank\" href=\"https:\/\/www.lapresse.ca\/actualites\/education\/201412\/10\/01-4826857-de-la-salle-de-classe-au-carnegie-hall.php\">https:\/\/www.lapresse.ca\/actualites\/education\/201412\/10\/01-4826857-de-la-salle-de-classe-au-carnegie-hall.php<\/a>\n                                                  <\/div>\n                    <\/div>\n                <\/div>\n                            <div id=\"article1332\" class=\"jfp-document\">\n                    <div class=\"jfp-document-dot has-primary-theme-color-background-color\" style=\"left:-7px;\"><\/div>\n                    <div class=\"jfp-document-content\">\n                                                <div class=\"jfp-document-data\">\n                          <p class=\"jfp-document-date\">10 June 2014<\/p>\n                                                      <h2 style=\"font-size:1.1em\">Radio-Canada Info | At the service of music<\/h2>\n                                                                                <p>The Orchestre m\u00e9tropolitain de Montr\u00e9al will give a concert to raise funds for the Joseph-Fran\u00e7ois-Perrault public school&#8217;s music program, which is struggling to find money for a concert hall. \u2013 in French<\/p>                                                                                <a target=\"_blank\" href=\"https:\/\/www.youtube.com\/watch?v=eU0Dhqr8pA4\">https:\/\/www.youtube.com\/watch?v=eU0Dhqr8pA4<\/a>\n                                                  <\/div>\n                    <\/div>\n                <\/div>\n                            <div id=\"article1331\" class=\"jfp-document\">\n                    <div class=\"jfp-document-dot has-primary-theme-color-background-color\" style=\"left:18px;\"><\/div>\n                    <div class=\"jfp-document-content\">\n                                                <div class=\"jfp-document-data\">\n                          <p class=\"jfp-document-date\">9 September 2013<\/p>\n                                                      <h2 style=\"font-size:1.1em\">YouTube | JFP Musique channel<\/h2>\n                                                                                <p>The Orchestre M\u00e9tropolitain and \u00c9cole Joseph-Fran\u00e7ois-Perrault: an electrifying collaboration! \u2013 in French<br>&#8220;<em>It energizes me, what do you want. to come and see this youth who is thirsty to play the orchestra and who likes to play the orchestra<\/em>&#8220;. \u2013 Yannick N\u00e9zet-S\u00e9guin<\/p>                                                                                <a target=\"_blank\" href=\"https:\/\/www.youtube.com\/watch?v=nHUZtzFv7TY\">https:\/\/www.youtube.com\/watch?v=nHUZtzFv7TY<\/a>\n                                                  <\/div>\n                    <\/div>\n                <\/div>\n                            <div id=\"article1330\" class=\"jfp-document\">\n                    <div class=\"jfp-document-dot has-primary-theme-color-background-color\" style=\"left:-7px;\"><\/div>\n                    <div class=\"jfp-document-content\">\n                                                <div class=\"jfp-document-data\">\n                          <p class=\"jfp-document-date\">11 March 2013<\/p>\n                                                      <h2 style=\"font-size:1.1em\">YouTube | Orchestre M\u00e9tropolitain\u2019S Channel<\/h2>\n                                                                                  <p>Yannick N\u00e9zet-S\u00e9guin conducts a rehearsal of the Joseph-Fran\u00e7ois-Perrault Symphony Orchestra \u2013 in French<\/p>\n                                                                                <a target=\"_blank\" href=\"https:\/\/www.youtube.com\/watch?v=kLM7XN-mU4Q\">https:\/\/www.youtube.com\/watch?v=kLM7XN-mU4Q<\/a>\n                                                  <\/div>\n                    <\/div>\n                <\/div>\n                        <\/div>\n<\/div><p><\/p>","protected":false},"excerpt":{"rendered":"","protected":false},"author":1,"featured_media":1031,"parent":0,"menu_order":0,"comment_status":"closed","ping_status":"closed","template":"","meta":{"footnotes":""},"class_list":["post-1243","page","type-page","status-publish","has-post-thumbnail","hentry"],"yoast_head":"<!-- This site is optimized with the Yoast SEO plugin v24.5 - https:\/\/yoast.com\/wordpress\/plugins\/seo\/ -->\n<title>News | Fondation JFP<\/title>\n<meta name=\"robots\" content=\"index, follow, max-snippet:-1, max-image-preview:large, max-video-preview:-1\" \/>\n<link rel=\"canonical\" href=\"https:\/\/www.fondationjfp.com\/en\/news\/\" \/>\n<meta property=\"og:locale\" content=\"en_US\" \/>\n<meta property=\"og:type\" content=\"article\" \/>\n<meta property=\"og:title\" content=\"News | Fondation JFP\" \/>\n<meta property=\"og:url\" content=\"https:\/\/www.fondationjfp.com\/en\/news\/\" \/>\n<meta property=\"og:site_name\" content=\"Fondation JFP\" \/>\n<meta property=\"article:modified_time\" content=\"2022-03-02T20:45:33+00:00\" \/>\n<meta property=\"og:image\" content=\"https:\/\/www.fondationjfp.com\/wp-content\/uploads\/2021\/11\/iStock-1193050132-scaled.jpg\" \/>\n\t<meta property=\"og:image:width\" content=\"2560\" \/>\n\t<meta property=\"og:image:height\" content=\"1709\" \/>\n\t<meta property=\"og:image:type\" content=\"image\/jpeg\" \/>\n<meta name=\"twitter:card\" content=\"summary_large_image\" \/>\n<script type=\"application\/ld+json\" class=\"yoast-schema-graph\">{\"@context\":\"https:\/\/schema.org\",\"@graph\":[{\"@type\":\"WebPage\",\"@id\":\"https:\/\/www.fondationjfp.com\/en\/news\/\",\"url\":\"https:\/\/www.fondationjfp.com\/en\/news\/\",\"name\":\"News | Fondation JFP\",\"isPartOf\":{\"@id\":\"https:\/\/www.fondationjfp.com\/en\/#website\"},\"primaryImageOfPage\":{\"@id\":\"https:\/\/www.fondationjfp.com\/en\/news\/#primaryimage\"},\"image\":{\"@id\":\"https:\/\/www.fondationjfp.com\/en\/news\/#primaryimage\"},\"thumbnailUrl\":\"https:\/\/www.fondationjfp.com\/wp-content\/uploads\/2021\/11\/iStock-1193050132-scaled.jpg\",\"datePublished\":\"2021-11-19T22:01:18+00:00\",\"dateModified\":\"2022-03-02T20:45:33+00:00\",\"breadcrumb\":{\"@id\":\"https:\/\/www.fondationjfp.com\/en\/news\/#breadcrumb\"},\"inLanguage\":\"en-US\",\"potentialAction\":[{\"@type\":\"ReadAction\",\"target\":[\"https:\/\/www.fondationjfp.com\/en\/news\/\"]}]},{\"@type\":\"ImageObject\",\"inLanguage\":\"en-US\",\"@id\":\"https:\/\/www.fondationjfp.com\/en\/news\/#primaryimage\",\"url\":\"https:\/\/www.fondationjfp.com\/wp-content\/uploads\/2021\/11\/iStock-1193050132-scaled.jpg\",\"contentUrl\":\"https:\/\/www.fondationjfp.com\/wp-content\/uploads\/2021\/11\/iStock-1193050132-scaled.jpg\",\"width\":2560,\"height\":1709,\"caption\":\"Beautiful woman musician plays the violin in her home, close-up. Female 's face is not visible.\"},{\"@type\":\"BreadcrumbList\",\"@id\":\"https:\/\/www.fondationjfp.com\/en\/news\/#breadcrumb\",\"itemListElement\":[{\"@type\":\"ListItem\",\"position\":1,\"name\":\"Accueil\",\"item\":\"https:\/\/www.fondationjfp.com\/en\/\"},{\"@type\":\"ListItem\",\"position\":2,\"name\":\"News\"}]},{\"@type\":\"WebSite\",\"@id\":\"https:\/\/www.fondationjfp.com\/en\/#website\",\"url\":\"https:\/\/www.fondationjfp.com\/en\/\",\"name\":\"Fondation JFP\",\"description\":\"Soutenir les r\u00eaves et l&#039;excellence en musique\",\"publisher\":{\"@id\":\"https:\/\/www.fondationjfp.com\/en\/#organization\"},\"potentialAction\":[{\"@type\":\"SearchAction\",\"target\":{\"@type\":\"EntryPoint\",\"urlTemplate\":\"https:\/\/www.fondationjfp.com\/en\/?s={search_term_string}\"},\"query-input\":{\"@type\":\"PropertyValueSpecification\",\"valueRequired\":true,\"valueName\":\"search_term_string\"}}],\"inLanguage\":\"en-US\"},{\"@type\":\"Organization\",\"@id\":\"https:\/\/www.fondationjfp.com\/en\/#organization\",\"name\":\"Fondation Joseph-Fran\u00e7ois-Perrault\",\"url\":\"https:\/\/www.fondationjfp.com\/en\/\",\"logo\":{\"@type\":\"ImageObject\",\"inLanguage\":\"en-US\",\"@id\":\"https:\/\/www.fondationjfp.com\/en\/#\/schema\/logo\/image\/\",\"url\":\"https:\/\/www.fondationjfp.com\/wp-content\/uploads\/2021\/11\/logo-complet-blanc-1.png\",\"contentUrl\":\"https:\/\/www.fondationjfp.com\/wp-content\/uploads\/2021\/11\/logo-complet-blanc-1.png\",\"width\":551,\"height\":63,\"caption\":\"Fondation Joseph-Fran\u00e7ois-Perrault\"},\"image\":{\"@id\":\"https:\/\/www.fondationjfp.com\/en\/#\/schema\/logo\/image\/\"}}]}<\/script>\n<!-- \/ Yoast SEO plugin. -->","yoast_head_json":{"title":"News | Fondation JFP","robots":{"index":"index","follow":"follow","max-snippet":"max-snippet:-1","max-image-preview":"max-image-preview:large","max-video-preview":"max-video-preview:-1"},"canonical":"https:\/\/www.fondationjfp.com\/en\/news\/","og_locale":"en_US","og_type":"article","og_title":"News | Fondation JFP","og_url":"https:\/\/www.fondationjfp.com\/en\/news\/","og_site_name":"Fondation JFP","article_modified_time":"2022-03-02T20:45:33+00:00","og_image":[{"width":2560,"height":1709,"url":"https:\/\/www.fondationjfp.com\/wp-content\/uploads\/2021\/11\/iStock-1193050132-scaled.jpg","type":"image\/jpeg"}],"twitter_card":"summary_large_image","schema":{"@context":"https:\/\/schema.org","@graph":[{"@type":"WebPage","@id":"https:\/\/www.fondationjfp.com\/en\/news\/","url":"https:\/\/www.fondationjfp.com\/en\/news\/","name":"News | Fondation JFP","isPartOf":{"@id":"https:\/\/www.fondationjfp.com\/en\/#website"},"primaryImageOfPage":{"@id":"https:\/\/www.fondationjfp.com\/en\/news\/#primaryimage"},"image":{"@id":"https:\/\/www.fondationjfp.com\/en\/news\/#primaryimage"},"thumbnailUrl":"https:\/\/www.fondationjfp.com\/wp-content\/uploads\/2021\/11\/iStock-1193050132-scaled.jpg","datePublished":"2021-11-19T22:01:18+00:00","dateModified":"2022-03-02T20:45:33+00:00","breadcrumb":{"@id":"https:\/\/www.fondationjfp.com\/en\/news\/#breadcrumb"},"inLanguage":"en-US","potentialAction":[{"@type":"ReadAction","target":["https:\/\/www.fondationjfp.com\/en\/news\/"]}]},{"@type":"ImageObject","inLanguage":"en-US","@id":"https:\/\/www.fondationjfp.com\/en\/news\/#primaryimage","url":"https:\/\/www.fondationjfp.com\/wp-content\/uploads\/2021\/11\/iStock-1193050132-scaled.jpg","contentUrl":"https:\/\/www.fondationjfp.com\/wp-content\/uploads\/2021\/11\/iStock-1193050132-scaled.jpg","width":2560,"height":1709,"caption":"Beautiful woman musician plays the violin in her home, close-up. Female 's face is not visible."},{"@type":"BreadcrumbList","@id":"https:\/\/www.fondationjfp.com\/en\/news\/#breadcrumb","itemListElement":[{"@type":"ListItem","position":1,"name":"Accueil","item":"https:\/\/www.fondationjfp.com\/en\/"},{"@type":"ListItem","position":2,"name":"News"}]},{"@type":"WebSite","@id":"https:\/\/www.fondationjfp.com\/en\/#website","url":"https:\/\/www.fondationjfp.com\/en\/","name":"Fondation JFP","description":"Soutenir les r\u00eaves et l&#039;excellence en musique","publisher":{"@id":"https:\/\/www.fondationjfp.com\/en\/#organization"},"potentialAction":[{"@type":"SearchAction","target":{"@type":"EntryPoint","urlTemplate":"https:\/\/www.fondationjfp.com\/en\/?s={search_term_string}"},"query-input":{"@type":"PropertyValueSpecification","valueRequired":true,"valueName":"search_term_string"}}],"inLanguage":"en-US"},{"@type":"Organization","@id":"https:\/\/www.fondationjfp.com\/en\/#organization","name":"Fondation Joseph-Fran\u00e7ois-Perrault","url":"https:\/\/www.fondationjfp.com\/en\/","logo":{"@type":"ImageObject","inLanguage":"en-US","@id":"https:\/\/www.fondationjfp.com\/en\/#\/schema\/logo\/image\/","url":"https:\/\/www.fondationjfp.com\/wp-content\/uploads\/2021\/11\/logo-complet-blanc-1.png","contentUrl":"https:\/\/www.fondationjfp.com\/wp-content\/uploads\/2021\/11\/logo-complet-blanc-1.png","width":551,"height":63,"caption":"Fondation Joseph-Fran\u00e7ois-Perrault"},"image":{"@id":"https:\/\/www.fondationjfp.com\/en\/#\/schema\/logo\/image\/"}}]}},"_links":{"self":[{"href":"https:\/\/www.fondationjfp.com\/en\/wp-json\/wp\/v2\/pages\/1243","targetHints":{"allow":["GET"]}}],"collection":[{"href":"https:\/\/www.fondationjfp.com\/en\/wp-json\/wp\/v2\/pages"}],"about":[{"href":"https:\/\/www.fondationjfp.com\/en\/wp-json\/wp\/v2\/types\/page"}],"author":[{"embeddable":true,"href":"https:\/\/www.fondationjfp.com\/en\/wp-json\/wp\/v2\/users\/1"}],"replies":[{"embeddable":true,"href":"https:\/\/www.fondationjfp.com\/en\/wp-json\/wp\/v2\/comments?post=1243"}],"version-history":[{"count":1,"href":"https:\/\/www.fondationjfp.com\/en\/wp-json\/wp\/v2\/pages\/1243\/revisions"}],"predecessor-version":[{"id":1245,"href":"https:\/\/www.fondationjfp.com\/en\/wp-json\/wp\/v2\/pages\/1243\/revisions\/1245"}],"wp:featuredmedia":[{"embeddable":true,"href":"https:\/\/www.fondationjfp.com\/en\/wp-json\/wp\/v2\/media\/1031"}],"wp:attachment":[{"href":"https:\/\/www.fondationjfp.com\/en\/wp-json\/wp\/v2\/media?parent=1243"}],"curies":[{"name":"wp","href":"https:\/\/api.w.org\/{rel}","templated":true}]}}