{"id":5581,"date":"2025-04-25T02:53:58","date_gmt":"2025-04-25T02:53:58","guid":{"rendered":"https:\/\/www.fondationjfp.com\/?post_type=concert&#038;p=5581"},"modified":"2025-07-01T19:53:48","modified_gmt":"2025-07-01T19:53:48","slug":"2025-year-end-concerts","status":"publish","type":"concert","link":"https:\/\/www.fondationjfp.com\/en\/concert\/2025-year-end-concerts\/","title":{"rendered":"2025 year end concerts !"},"content":{"rendered":"<p>Second series of regular performances of the department\u2019s 800+ students on stage. The concerts will be held at l&#8217;\u00c9cole Le Plateau for the Option, concentration and Arts-\u00c9tudes students of 1rst cycle (Secondaire 1, 2 &amp; 3). The Arts-\u00c9tudes and Concentration students of 2nd cycle program will be playing at the Claude-Champagne Hall of the Universit\u00e9 de Montr\u00e9al.<\/p><div class=\"wp-block-columns are-vertically-aligned-center is-layout-flex wp-container-core-columns-is-layout-9d6595d7 wp-block-columns-is-layout-flex\"><div class=\"wp-block-column is-vertically-aligned-center is-layout-flow wp-block-column-is-layout-flow\" style=\"flex-basis:66.66%\"><h2 class=\"wp-block-heading\" id=\"concert-du-13-decembre-2021\">May 21 at 7:00 pm &#8211; \u00c9cole Le Plateau<\/h2>\n\n<h3 class=\"wp-block-heading\" id=\"concert-du-13-decembre-2021\">Option et concentration 1er cycle <\/h3>\n\n<p>Concert de fin d&#8217;ann\u00e9e des \u00e9l\u00e8ves du <strong>1er cycle (secondaire 1, 2 et 3) des programmes Option et Concentration<\/strong> de l&#8217;\u00c9cole Joseph-Fran\u00e7ois-Perrault ayant lieu le mercredi 21 mai 2025 \u00e0 19h00 \u00e0 la salle Jean Deslauriers de l&#8217;\u00e9cole Le Plateau.<\/p>\n\n<div class=\"wp-block-file\"><a id=\"wp-block-file--media-8d902a4e-3699-428a-b4d5-4e209ddcd09a\" href=\"https:\/\/www.fondationjfp.com\/wp-content\/uploads\/2024\/05\/Concert-de-fin-dannee-2024-Option-et-concentration-1er-cycle.pdf\"><mark style=\"background-color:rgba(0, 0, 0, 0)\" class=\"has-inline-color has-secondary-theme-color-color\">Programme bient\u00f4t disponible<\/mark><\/a><\/div><\/div>\n\n<div class=\"wp-block-column is-vertically-aligned-center is-layout-flow wp-block-column-is-layout-flow\" style=\"flex-basis:33.33%\"><div class=\"wp-block-buttons is-layout-flex wp-block-buttons-is-layout-flex\"><div class=\"wp-block-button\"><a class=\"wp-block-button__link has-secondary-theme-color-background-color has-background wp-element-button\" href=\"https:\/\/vimeo.com\/ondemand\/jfpconcertdu21mai2025\" target=\"_blank\" rel=\"noreferrer noopener\">Buy recording<\/a><\/div><\/div><\/div><\/div><hr class=\"wp-block-separator has-alpha-channel-opacity\"\/><div class=\"wp-block-columns are-vertically-aligned-center is-layout-flex wp-container-core-columns-is-layout-9d6595d7 wp-block-columns-is-layout-flex\"><div class=\"wp-block-column is-vertically-aligned-center is-layout-flow wp-block-column-is-layout-flow\" style=\"flex-basis:66.66%\"><h2 class=\"wp-block-heading\" id=\"concert-du-13-decembre-2021\">May 22 at 7:00 pm &#8211; \u00c9cole Le Plateau<\/h2>\n\n<h3 class=\"wp-block-heading\" id=\"concert-du-13-decembre-2021\">Arts-\u00c9tudes 1er cycle<\/h3>\n\n<p>Concert de fin d&#8217;ann\u00e9e des \u00e9l\u00e8ves du <strong>1er cycle (secondaire 1, 2 et 3) du programme Arts-\u00c9tudes<\/strong> de l&#8217;\u00c9cole Joseph-Fran\u00e7ois-Perrault ayant lieu le jeudi 22 mai 2025 \u00e0 19h00 \u00e0 la salle Jean Deslauriers de l&#8217;\u00e9cole Le Plateau.<\/p>\n\n<div class=\"wp-block-file\"><a id=\"wp-block-file--media-8c3f3f62-f983-428c-956e-53c28a7d1b98\" href=\"https:\/\/www.fondationjfp.com\/wp-content\/uploads\/2024\/05\/Concert-de-fin-dannee-2024-Arts-Etudes-1er-cycle.pdf\"><mark style=\"background-color:rgba(0, 0, 0, 0)\" class=\"has-inline-color has-secondary-theme-color-color\">Programme bient\u00f4t disponible<\/mark><\/a><\/div><\/div>\n\n<div class=\"wp-block-column is-vertically-aligned-center is-layout-flow wp-block-column-is-layout-flow\" style=\"flex-basis:33.33%\"><div class=\"wp-block-buttons is-layout-flex wp-block-buttons-is-layout-flex\"><div class=\"wp-block-button\"><a class=\"wp-block-button__link has-secondary-theme-color-background-color has-background wp-element-button\" href=\"https:\/\/vimeo.com\/ondemand\/jfpconcertdu22mai2025\" target=\"_blank\" rel=\"noreferrer noopener\">Buy recording<\/a><\/div><\/div><\/div><\/div><hr class=\"wp-block-separator has-alpha-channel-opacity\"\/><div class=\"wp-block-columns are-vertically-aligned-center is-layout-flex wp-container-core-columns-is-layout-9d6595d7 wp-block-columns-is-layout-flex\"><div class=\"wp-block-column is-vertically-aligned-center is-layout-flow wp-block-column-is-layout-flow\" style=\"flex-basis:66.66%\"><h2 class=\"wp-block-heading\" id=\"concert-du-13-decembre-2021\">June 2nd at 7:00 pm &#8211; Salle Claude-Champagne<\/h2>\n\n<h3 class=\"wp-block-heading\" id=\"concert-du-13-decembre-2021\">Concentration 2\u00e8me cycle et Orchestre symphonique interm\u00e9diaire <\/h3>\n\n<p>Concert de fin d&#8217;ann\u00e9e des \u00e9l\u00e8ves du <strong>2\u00e8me cycle (secondaire 4 et 5) en Concentration<\/strong> <strong>et de l&#8217;Orchestre symphonique interm\u00e9diaire<\/strong> ayant lieu le lundi 2 juin 2025 \u00e0 19h00 \u00e0 la Salle Claude-Champagne de l&#8217;Universit\u00e9 de Montr\u00e9al.<\/p>\n\n<div class=\"wp-block-file\"><a id=\"wp-block-file--media-4db20a84-9289-42f0-9fe6-6e6405dec403\" href=\"https:\/\/www.fondationjfp.com\/wp-content\/uploads\/2024\/05\/Concert-de-fin-dannee-2024-Concentration-2eme-cycle-et-Orchestre-symphonique-intermediaire.pdf\"><mark style=\"background-color:rgba(0, 0, 0, 0)\" class=\"has-inline-color has-secondary-theme-color-color\">Programme bient\u00f4t disponible<\/mark><\/a><\/div><\/div>\n\n<div class=\"wp-block-column is-vertically-aligned-center is-layout-flow wp-block-column-is-layout-flow\" style=\"flex-basis:33.33%\"><div class=\"wp-block-buttons is-layout-flex wp-block-buttons-is-layout-flex\"><div class=\"wp-block-button\"><a class=\"wp-block-button__link has-secondary-theme-color-background-color has-background wp-element-button\" href=\"https:\/\/vimeo.com\/ondemand\/jfpconcertdu2juin2025\">Buy recording<\/a><\/div><\/div><\/div><\/div><hr class=\"wp-block-separator has-alpha-channel-opacity\"\/><div class=\"wp-block-columns are-vertically-aligned-center is-layout-flex wp-container-core-columns-is-layout-9d6595d7 wp-block-columns-is-layout-flex\"><div class=\"wp-block-column is-vertically-aligned-center is-layout-flow wp-block-column-is-layout-flow\" style=\"flex-basis:66.66%\"><h2 class=\"wp-block-heading\" id=\"concert-du-13-decembre-2021\">June 3rd at 7:00 pm &#8211; Salle Claude-Champagne<\/h2>\n\n<h3 class=\"wp-block-heading\" id=\"concert-du-13-decembre-2021\">Les Grands Ensembles <\/h3>\n\n<p>Concert de fin d&#8217;ann\u00e9e des \u00e9l\u00e8ves du <strong>2\u00e8me cycle (secondaire 4 et 5) d&#8217;Arts-\u00c9tudes<\/strong> ayant lieu le mardi 3 juin 2025 \u00e0 19h00 \u00e0 la Salle Claude-Champagne de l&#8217;Universit\u00e9 de Montr\u00e9al.<\/p>\n\n<div class=\"wp-block-file\"><a id=\"wp-block-file--media-dd897d81-7a56-4a80-8317-a8b99dc15747\" href=\"https:\/\/www.fondationjfp.com\/wp-content\/uploads\/2024\/05\/Concert-de-fin-dannee-2024-Les-Grands-Ensembles.pdf\"><mark style=\"background-color:rgba(0, 0, 0, 0)\" class=\"has-inline-color has-secondary-theme-color-color\">Programme bient\u00f4t disponible<\/mark><\/a><\/div><\/div>\n\n<div class=\"wp-block-column is-vertically-aligned-center is-layout-flow wp-block-column-is-layout-flow\" style=\"flex-basis:33.33%\"><div class=\"wp-block-buttons is-layout-flex wp-block-buttons-is-layout-flex\"><div class=\"wp-block-button\"><a class=\"wp-block-button__link has-secondary-theme-color-background-color has-background wp-element-button\" href=\"https:\/\/vimeo.com\/ondemand\/jfpconcertdu3juin2025\">Buy recording<\/a><\/div><\/div><\/div><\/div>","protected":false},"excerpt":{"rendered":"<p>Second series of regular performances of the department\u2019s 800+ students on stage. The concerts will be held at l&#8217;\u00c9cole Le Plateau for the Option, concentration and Arts-\u00c9tudes students of 1rst cycle (Secondaire 1, 2 &amp; 3). The Arts-\u00c9tudes and Concentration students of 2nd cycle program will be playing at the Claude-Champagne Hall of the Universit\u00e9 [&hellip;]<\/p>\n","protected":false},"featured_media":5580,"template":"","concert_type":[39,40],"class_list":["post-5581","concert","type-concert","status-publish","has-post-thumbnail","hentry","concert_type-past","concert_type-regular"],"yoast_head":"<!-- This site is optimized with the Yoast SEO plugin v24.5 - https:\/\/yoast.com\/wordpress\/plugins\/seo\/ -->\n<title>2025 year end concerts ! | Fondation JFP<\/title>\n<meta name=\"robots\" content=\"index, follow, max-snippet:-1, max-image-preview:large, max-video-preview:-1\" \/>\n<link rel=\"canonical\" href=\"https:\/\/www.fondationjfp.com\/en\/concert\/2025-year-end-concerts\/\" \/>\n<meta property=\"og:locale\" content=\"en_US\" \/>\n<meta property=\"og:type\" content=\"article\" \/>\n<meta property=\"og:title\" content=\"2025 year end concerts ! | Fondation JFP\" \/>\n<meta property=\"og:description\" content=\"Second series of regular performances of the department\u2019s 800+ students on stage. The concerts will be held at l&#8217;\u00c9cole Le Plateau for the Option, concentration and Arts-\u00c9tudes students of 1rst cycle (Secondaire 1, 2 &amp; 3). The Arts-\u00c9tudes and Concentration students of 2nd cycle program will be playing at the Claude-Champagne Hall of the Universit\u00e9 [&hellip;]\" \/>\n<meta property=\"og:url\" content=\"https:\/\/www.fondationjfp.com\/en\/concert\/2025-year-end-concerts\/\" \/>\n<meta property=\"og:site_name\" content=\"Fondation JFP\" \/>\n<meta property=\"article:modified_time\" content=\"2025-07-01T19:53:48+00:00\" \/>\n<meta property=\"og:image\" content=\"https:\/\/www.fondationjfp.com\/wp-content\/uploads\/2025\/04\/Capture-decran-le-2025-04-24-a-20.58.12-1024x665.png\" \/>\n\t<meta property=\"og:image:width\" content=\"1024\" \/>\n\t<meta property=\"og:image:height\" content=\"665\" \/>\n\t<meta property=\"og:image:type\" content=\"image\/png\" \/>\n<meta name=\"twitter:card\" content=\"summary_large_image\" \/>\n<meta name=\"twitter:label1\" content=\"Est. reading time\" \/>\n\t<meta name=\"twitter:data1\" content=\"1 minute\" \/>\n<script type=\"application\/ld+json\" class=\"yoast-schema-graph\">{\"@context\":\"https:\/\/schema.org\",\"@graph\":[{\"@type\":\"WebPage\",\"@id\":\"https:\/\/www.fondationjfp.com\/en\/concert\/2025-year-end-concerts\/\",\"url\":\"https:\/\/www.fondationjfp.com\/en\/concert\/2025-year-end-concerts\/\",\"name\":\"2025 year end concerts ! | Fondation JFP\",\"isPartOf\":{\"@id\":\"https:\/\/www.fondationjfp.com\/en\/#website\"},\"primaryImageOfPage\":{\"@id\":\"https:\/\/www.fondationjfp.com\/en\/concert\/2025-year-end-concerts\/#primaryimage\"},\"image\":{\"@id\":\"https:\/\/www.fondationjfp.com\/en\/concert\/2025-year-end-concerts\/#primaryimage\"},\"thumbnailUrl\":\"https:\/\/www.fondationjfp.com\/wp-content\/uploads\/2025\/04\/Capture-decran-le-2025-04-24-a-20.58.12-scaled.png\",\"datePublished\":\"2025-04-25T02:53:58+00:00\",\"dateModified\":\"2025-07-01T19:53:48+00:00\",\"breadcrumb\":{\"@id\":\"https:\/\/www.fondationjfp.com\/en\/concert\/2025-year-end-concerts\/#breadcrumb\"},\"inLanguage\":\"en-US\",\"potentialAction\":[{\"@type\":\"ReadAction\",\"target\":[\"https:\/\/www.fondationjfp.com\/en\/concert\/2025-year-end-concerts\/\"]}]},{\"@type\":\"ImageObject\",\"inLanguage\":\"en-US\",\"@id\":\"https:\/\/www.fondationjfp.com\/en\/concert\/2025-year-end-concerts\/#primaryimage\",\"url\":\"https:\/\/www.fondationjfp.com\/wp-content\/uploads\/2025\/04\/Capture-decran-le-2025-04-24-a-20.58.12-scaled.png\",\"contentUrl\":\"https:\/\/www.fondationjfp.com\/wp-content\/uploads\/2025\/04\/Capture-decran-le-2025-04-24-a-20.58.12-scaled.png\",\"width\":2560,\"height\":1663},{\"@type\":\"BreadcrumbList\",\"@id\":\"https:\/\/www.fondationjfp.com\/en\/concert\/2025-year-end-concerts\/#breadcrumb\",\"itemListElement\":[{\"@type\":\"ListItem\",\"position\":1,\"name\":\"Accueil\",\"item\":\"https:\/\/www.fondationjfp.com\/en\/\"},{\"@type\":\"ListItem\",\"position\":2,\"name\":\"2025 year end concerts !\"}]},{\"@type\":\"WebSite\",\"@id\":\"https:\/\/www.fondationjfp.com\/en\/#website\",\"url\":\"https:\/\/www.fondationjfp.com\/en\/\",\"name\":\"Fondation JFP\",\"description\":\"Soutenir les r\u00eaves et l&#039;excellence en musique\",\"publisher\":{\"@id\":\"https:\/\/www.fondationjfp.com\/en\/#organization\"},\"potentialAction\":[{\"@type\":\"SearchAction\",\"target\":{\"@type\":\"EntryPoint\",\"urlTemplate\":\"https:\/\/www.fondationjfp.com\/en\/?s={search_term_string}\"},\"query-input\":{\"@type\":\"PropertyValueSpecification\",\"valueRequired\":true,\"valueName\":\"search_term_string\"}}],\"inLanguage\":\"en-US\"},{\"@type\":\"Organization\",\"@id\":\"https:\/\/www.fondationjfp.com\/en\/#organization\",\"name\":\"Fondation Joseph-Fran\u00e7ois-Perrault\",\"url\":\"https:\/\/www.fondationjfp.com\/en\/\",\"logo\":{\"@type\":\"ImageObject\",\"inLanguage\":\"en-US\",\"@id\":\"https:\/\/www.fondationjfp.com\/en\/#\/schema\/logo\/image\/\",\"url\":\"https:\/\/www.fondationjfp.com\/wp-content\/uploads\/2021\/11\/logo-complet-blanc-1.png\",\"contentUrl\":\"https:\/\/www.fondationjfp.com\/wp-content\/uploads\/2021\/11\/logo-complet-blanc-1.png\",\"width\":551,\"height\":63,\"caption\":\"Fondation Joseph-Fran\u00e7ois-Perrault\"},\"image\":{\"@id\":\"https:\/\/www.fondationjfp.com\/en\/#\/schema\/logo\/image\/\"}}]}<\/script>\n<!-- \/ Yoast SEO plugin. -->","yoast_head_json":{"title":"2025 year end concerts ! | Fondation JFP","robots":{"index":"index","follow":"follow","max-snippet":"max-snippet:-1","max-image-preview":"max-image-preview:large","max-video-preview":"max-video-preview:-1"},"canonical":"https:\/\/www.fondationjfp.com\/en\/concert\/2025-year-end-concerts\/","og_locale":"en_US","og_type":"article","og_title":"2025 year end concerts ! | Fondation JFP","og_description":"Second series of regular performances of the department\u2019s 800+ students on stage. The concerts will be held at l&#8217;\u00c9cole Le Plateau for the Option, concentration and Arts-\u00c9tudes students of 1rst cycle (Secondaire 1, 2 &amp; 3). The Arts-\u00c9tudes and Concentration students of 2nd cycle program will be playing at the Claude-Champagne Hall of the Universit\u00e9 [&hellip;]","og_url":"https:\/\/www.fondationjfp.com\/en\/concert\/2025-year-end-concerts\/","og_site_name":"Fondation JFP","article_modified_time":"2025-07-01T19:53:48+00:00","og_image":[{"width":1024,"height":665,"url":"https:\/\/www.fondationjfp.com\/wp-content\/uploads\/2025\/04\/Capture-decran-le-2025-04-24-a-20.58.12-1024x665.png","type":"image\/png"}],"twitter_card":"summary_large_image","twitter_misc":{"Est. reading time":"1 minute"},"schema":{"@context":"https:\/\/schema.org","@graph":[{"@type":"WebPage","@id":"https:\/\/www.fondationjfp.com\/en\/concert\/2025-year-end-concerts\/","url":"https:\/\/www.fondationjfp.com\/en\/concert\/2025-year-end-concerts\/","name":"2025 year end concerts ! | Fondation JFP","isPartOf":{"@id":"https:\/\/www.fondationjfp.com\/en\/#website"},"primaryImageOfPage":{"@id":"https:\/\/www.fondationjfp.com\/en\/concert\/2025-year-end-concerts\/#primaryimage"},"image":{"@id":"https:\/\/www.fondationjfp.com\/en\/concert\/2025-year-end-concerts\/#primaryimage"},"thumbnailUrl":"https:\/\/www.fondationjfp.com\/wp-content\/uploads\/2025\/04\/Capture-decran-le-2025-04-24-a-20.58.12-scaled.png","datePublished":"2025-04-25T02:53:58+00:00","dateModified":"2025-07-01T19:53:48+00:00","breadcrumb":{"@id":"https:\/\/www.fondationjfp.com\/en\/concert\/2025-year-end-concerts\/#breadcrumb"},"inLanguage":"en-US","potentialAction":[{"@type":"ReadAction","target":["https:\/\/www.fondationjfp.com\/en\/concert\/2025-year-end-concerts\/"]}]},{"@type":"ImageObject","inLanguage":"en-US","@id":"https:\/\/www.fondationjfp.com\/en\/concert\/2025-year-end-concerts\/#primaryimage","url":"https:\/\/www.fondationjfp.com\/wp-content\/uploads\/2025\/04\/Capture-decran-le-2025-04-24-a-20.58.12-scaled.png","contentUrl":"https:\/\/www.fondationjfp.com\/wp-content\/uploads\/2025\/04\/Capture-decran-le-2025-04-24-a-20.58.12-scaled.png","width":2560,"height":1663},{"@type":"BreadcrumbList","@id":"https:\/\/www.fondationjfp.com\/en\/concert\/2025-year-end-concerts\/#breadcrumb","itemListElement":[{"@type":"ListItem","position":1,"name":"Accueil","item":"https:\/\/www.fondationjfp.com\/en\/"},{"@type":"ListItem","position":2,"name":"2025 year end concerts !"}]},{"@type":"WebSite","@id":"https:\/\/www.fondationjfp.com\/en\/#website","url":"https:\/\/www.fondationjfp.com\/en\/","name":"Fondation JFP","description":"Soutenir les r\u00eaves et l&#039;excellence en musique","publisher":{"@id":"https:\/\/www.fondationjfp.com\/en\/#organization"},"potentialAction":[{"@type":"SearchAction","target":{"@type":"EntryPoint","urlTemplate":"https:\/\/www.fondationjfp.com\/en\/?s={search_term_string}"},"query-input":{"@type":"PropertyValueSpecification","valueRequired":true,"valueName":"search_term_string"}}],"inLanguage":"en-US"},{"@type":"Organization","@id":"https:\/\/www.fondationjfp.com\/en\/#organization","name":"Fondation Joseph-Fran\u00e7ois-Perrault","url":"https:\/\/www.fondationjfp.com\/en\/","logo":{"@type":"ImageObject","inLanguage":"en-US","@id":"https:\/\/www.fondationjfp.com\/en\/#\/schema\/logo\/image\/","url":"https:\/\/www.fondationjfp.com\/wp-content\/uploads\/2021\/11\/logo-complet-blanc-1.png","contentUrl":"https:\/\/www.fondationjfp.com\/wp-content\/uploads\/2021\/11\/logo-complet-blanc-1.png","width":551,"height":63,"caption":"Fondation Joseph-Fran\u00e7ois-Perrault"},"image":{"@id":"https:\/\/www.fondationjfp.com\/en\/#\/schema\/logo\/image\/"}}]}},"_links":{"self":[{"href":"https:\/\/www.fondationjfp.com\/en\/wp-json\/wp\/v2\/concert\/5581","targetHints":{"allow":["GET"]}}],"collection":[{"href":"https:\/\/www.fondationjfp.com\/en\/wp-json\/wp\/v2\/concert"}],"about":[{"href":"https:\/\/www.fondationjfp.com\/en\/wp-json\/wp\/v2\/types\/concert"}],"wp:featuredmedia":[{"embeddable":true,"href":"https:\/\/www.fondationjfp.com\/en\/wp-json\/wp\/v2\/media\/5580"}],"wp:attachment":[{"href":"https:\/\/www.fondationjfp.com\/en\/wp-json\/wp\/v2\/media?parent=5581"}],"wp:term":[{"taxonomy":"concert_type","embeddable":true,"href":"https:\/\/www.fondationjfp.com\/en\/wp-json\/wp\/v2\/concert_type?post=5581"}],"curies":[{"name":"wp","href":"https:\/\/api.w.org\/{rel}","templated":true}]}}