{"id":3582,"date":"2023-05-17T04:56:09","date_gmt":"2023-05-17T04:56:09","guid":{"rendered":"https:\/\/www.fondationjfp.com\/?post_type=concert&#038;p=3582"},"modified":"2023-09-05T03:52:23","modified_gmt":"2023-09-05T03:52:23","slug":"concert-gala-2023","status":"publish","type":"concert","link":"https:\/\/www.fondationjfp.com\/en\/concert\/concert-gala-2023\/","title":{"rendered":"Concert gala 2023 !"},"content":{"rendered":"<p>Joseph-Fran\u00e7ois-Perrault&#8217;s Grand Gala 2023 concert, featuring guest host \u00c8ve Landry, winner of a Prix G\u00e9meaux and the Gascon-Roux 2022 Prize, and Lydia K\u00e9pinski for her best arrangements with orchestra !<\/p><p>Come and enjoy a variety of repertoire and cheer on the orchestra&#8217;s talented young soloists before they fly to France! All under the direction of \u00c9ric Levasseur.<\/p><p><\/p><p>We look forward to seeing you one last time this year and wish you a wonderful concert!<\/p><div class=\"wp-block-file\"><a id=\"wp-block-file--media-cd6d7bc8-25b6-48f0-aa79-defa4291e3be\" href=\"https:\/\/www.fondationjfp.com\/wp-content\/uploads\/2023\/06\/Concert-Gala-2023-1-1.pdf\"><mark style=\"background-color:rgba(0, 0, 0, 0)\" class=\"has-inline-color has-secondary-theme-color-color\">Program of the Concert Gala 2023<\/mark><\/a><\/div><div class=\"wp-block-buttons is-content-justification-left is-layout-flex wp-container-core-buttons-is-layout-fdcfc74e wp-block-buttons-is-layout-flex\"><div class=\"wp-block-button\"><a class=\"wp-block-button__link has-secondary-theme-color-background-color has-background wp-element-button\" href=\"https:\/\/vimeo.com\/ondemand\/concertgala2023\" target=\"_blank\" rel=\"noreferrer noopener\">Buy the recording<\/a><\/div><\/div><hr class=\"wp-block-separator has-alpha-channel-opacity\"\/><figure class=\"wp-block-image size-large\"><img loading=\"lazy\" decoding=\"async\" width=\"721\" height=\"1024\" src=\"https:\/\/www.fondationjfp.com\/wp-content\/uploads\/2023\/05\/eve-landry-andreanne-gauthier-9956-1-721x1024.jpg\" alt=\"\" class=\"wp-image-3583\" srcset=\"https:\/\/www.fondationjfp.com\/wp-content\/uploads\/2023\/05\/eve-landry-andreanne-gauthier-9956-1-721x1024.jpg 721w, https:\/\/www.fondationjfp.com\/wp-content\/uploads\/2023\/05\/eve-landry-andreanne-gauthier-9956-1-211x300.jpg 211w, https:\/\/www.fondationjfp.com\/wp-content\/uploads\/2023\/05\/eve-landry-andreanne-gauthier-9956-1-768x1090.jpg 768w, https:\/\/www.fondationjfp.com\/wp-content\/uploads\/2023\/05\/eve-landry-andreanne-gauthier-9956-1-1082x1536.jpg 1082w, https:\/\/www.fondationjfp.com\/wp-content\/uploads\/2023\/05\/eve-landry-andreanne-gauthier-9956-1-1443x2048.jpg 1443w, https:\/\/www.fondationjfp.com\/wp-content\/uploads\/2023\/05\/eve-landry-andreanne-gauthier-9956-1-600x852.jpg 600w, https:\/\/www.fondationjfp.com\/wp-content\/uploads\/2023\/05\/eve-landry-andreanne-gauthier-9956-1-scaled.jpg 1804w\" sizes=\"auto, (max-width: 721px) 100vw, 721px\" \/><\/figure><p>Eve a d\u00e9but\u00e9 sa carri\u00e8re principalement au th\u00e9\u00e2tre en s&#8217;entourant de metteurs en sc\u00e8ne et artistes talentueux tels que Beno\u00eet Vermeulen, Olivier Choini\u00e8re, Marc Beaupr\u00e9, Ren\u00e9-Richard Cyr, Christian Lapointe. Elle a aussi \u00e9t\u00e9 dirig\u00e9e par Sylvain B\u00e9langer dans le magnifique&nbsp;J&#8217;accuse&nbsp;d&#8217;Annick Lefebvre, \u00e9tait sur la sc\u00e8ne de l&#8217;Espace Libre dans la pi\u00e8ce&nbsp;B\u00e9b\u00e9s&nbsp;et sur celle du TNM dans le&nbsp;Pr\u00e9lude \u00e0 La Nuit des Rois.<\/p><p>Eve s&#8217;est fait remarquer du grand public gr\u00e2ce \u00e0 son r\u00f4le de Jeanne Biron dans&nbsp;Unit\u00e9 9. Nos plus petits la connaissent plut\u00f4t sous les apparences de Liliwatt, la sorci\u00e8re qu&#8217;elle interpr\u00e9tait dans&nbsp;Salmigondis.&nbsp;Elle a ensuite perform\u00e9e dans les s\u00e9ries&nbsp;M&#8217;entends-tu?,&nbsp;\u00c9pid\u00e9mie,&nbsp;Doute raisonnable, District 31&nbsp;et elle devenue la procureure de la couronne Gabrielle Laflamme dans la nouvelle s\u00e9rie \u00c0 coeur battant. Au cin\u00e9ma, elle a fait une apparition&nbsp;dans D\u00e9d\u00e9 \u00e0 travers les brumes&nbsp;de Jean-Philippe Duval. Elle&nbsp;\u00e9tait \u00e9galement de la distribution de&nbsp;Il pleuvait des oiseaux&nbsp;de Louise Archambault et sera de celle de Bungalow de Lawrence C\u00f4t\u00e9-Collins.<\/p><p>En 2022, c&#8217;est en tant qu&#8217;animatrice qu&#8217;on a pu la d\u00e9couvrir dans la s\u00e9rie documentaire Quelles familles sur Unis TV. Elle \u00e9tait \u00e9galement sur les planches du TNM et du Trident dans la pi\u00e8ce&nbsp;Un ennemi du peuple, mise en sc\u00e8ne d&#8217;\u00c9dith Patenaude.&nbsp;<\/p><hr class=\"wp-block-separator has-alpha-channel-opacity\"\/><figure class=\"wp-block-image size-large\"><img loading=\"lazy\" decoding=\"async\" width=\"1024\" height=\"683\" src=\"https:\/\/www.fondationjfp.com\/wp-content\/uploads\/2023\/06\/preste-lydiakepinski-photo-2022-1-1024x683.jpg\" alt=\"\" class=\"wp-image-3622\" srcset=\"https:\/\/www.fondationjfp.com\/wp-content\/uploads\/2023\/06\/preste-lydiakepinski-photo-2022-1-1024x683.jpg 1024w, https:\/\/www.fondationjfp.com\/wp-content\/uploads\/2023\/06\/preste-lydiakepinski-photo-2022-1-300x200.jpg 300w, https:\/\/www.fondationjfp.com\/wp-content\/uploads\/2023\/06\/preste-lydiakepinski-photo-2022-1-768x512.jpg 768w, https:\/\/www.fondationjfp.com\/wp-content\/uploads\/2023\/06\/preste-lydiakepinski-photo-2022-1-1536x1024.jpg 1536w, https:\/\/www.fondationjfp.com\/wp-content\/uploads\/2023\/06\/preste-lydiakepinski-photo-2022-1-2048x1365.jpg 2048w, https:\/\/www.fondationjfp.com\/wp-content\/uploads\/2023\/06\/preste-lydiakepinski-photo-2022-1-600x400.jpg 600w\" sizes=\"auto, (max-width: 1024px) 100vw, 1024px\" \/><\/figure><p>Apr\u00e8s de longues ann\u00e9es de refus dans tous les concours possibles,&nbsp;<strong>Lydia K\u00e9pinski<\/strong>&nbsp;lance en 2016 un EP sobrement baptis\u00e9&nbsp;<strong><em>EP<\/em><\/strong>&nbsp;avant de remporter la quasi-totalit\u00e9 des prix en concours aux Francouvertes.<\/p><p>Un premier album&nbsp;<strong><em>Premier juin<\/em><\/strong>&nbsp;paru au d\u00e9but de l\u2019\u00e9t\u00e9 2018 sous l\u2019\u00e9tiquette Chivi Chivi la porte un peu partout sur les sc\u00e8nes du Qu\u00e9bec et de la France. Cet opus re\u00e7oit un accueil \u00e0 la hauteur de son audace, tant de la critique des professionnels que d\u2019un public toujours plus nombreux \u00e0 se masser aux pieds de la proph\u00e8te mill\u00e9niale. En plus de figurer sur la longue liste du prestigieux Prix de Musique Polaris, elle remporte la cat\u00e9gorie \u00abAlbum Pop de l\u2019ann\u00e9e\u00bb au Gala GAMIQ, le Prix Andr\u00e9-\u00ab&nbsp;D\u00e9d\u00e9&#8221;-Fortin (\u00e9mergence) au Gala SPACQ et d\u00e9croche 6 nominations au Gala ADISQ dont \u00abR\u00e9v\u00e9lation de l\u2019ann\u00e9e\u00bb, \u00abAlbum de l\u2019ann\u00e9e \u2013 Alternatif\u00bb et \u00abAlbum de l\u2019ann\u00e9e \u2013 Choix de la critique\u00bb. Dans le m\u00eame souffle,&nbsp;<strong>Lydia K\u00e9pinski<\/strong>&nbsp;pr\u00e9sente le spectacle immersif et historique&nbsp;<em>Sadenight<\/em>&nbsp;au Cin\u00e9ma L\u2019Amour \u00e0 Montr\u00e9al qu\u2019elle rend disponible en int\u00e9gralit\u00e9 sur Internet.<\/p><p>Un an plus tard, une relecture compl\u00e8te de cet album par des beatmakers tels Cri, Robert Robert ou encore Ryan Playground nous offre un k\u00e9pi-mixtape saisissant aux accents house, minimal ou transe, ainsi qu\u2019un mixtape vid\u00e9o.<\/p><p>La Montr\u00e9alaise \u00e9merge au printemps 2022 avec un deuxi\u00e8me chapitre de onze titres ficel\u00e9 avec Blaise Borbo\u00ebn-L\u00e9onard \u00e0 la r\u00e9alisation.&nbsp;<strong><em>Depuis<\/em><\/strong>&nbsp;est la trame narrative de tout ce qui s\u2019est pass\u00e9 depuis l\u2019opus pr\u00e9c\u00e9dent. R\u00e9solument plus pop, cet album est un m\u00e9lange foisonnant de r\u00e9f\u00e9rences autobiographiques et d\u2019aventures \u00e9mancipatrices qui traitent des vertiges de l\u2019identit\u00e9 en se r\u00e9fugiant dans l\u2019Histoire et une facture litt\u00e9raire qui emprunte souvent \u00e0 la mythologie.&nbsp;<strong>Lydia K\u00e9pinski<\/strong>&nbsp;livre le premier spectacle de l\u2019album au Texas dans le cadre de South by Southest avant un retour triomphant sur les routes du Qu\u00e9bec avec plus de 50 prestations incluant des lancements \u00e0 guichets ferm\u00e9s \u00e0 Montr\u00e9al et \u00e0 Qu\u00e9bec, ainsi que plusieurs festivals de renom (Festival d\u2019\u00e9t\u00e9 de Qu\u00e9bec, Festival de Musique \u00c9mergente, Pop Montr\u00e9al\u2026 ) Et de se retrouver de nouveau dans la longue liste du Prix de Musique Polaris, ainsi que finaliste du Prix Slaight Music pour un auteur-compositeur en \u00e9mergence, sans oublier le sacre dans les cat\u00e9gories \u00abAlbum Pop de l\u2019ann\u00e9e\u00bb et \u00abVid\u00e9oclip de l\u2019ann\u00e9e \u2013 BB (Big Business)\u00bb au Gala GAMIQ.<\/p><p>Les portes du succ\u00e8s s\u2019ouvrent toutes grandes devant cette voix aussi fragile qu\u2019invincible de la chanson qu\u00e9b\u00e9coise. Parions qu\u2019un jour, on saura \u00e9crire son nom correctement.<\/p>","protected":false},"excerpt":{"rendered":"<p>Joseph-Fran\u00e7ois-Perrault&#8217;s Grand Gala 2023 concert, featuring guest host \u00c8ve Landry, winner of a Prix G\u00e9meaux and the Gascon-Roux 2022 Prize, and Lydia K\u00e9pinski for her best arrangements with orchestra ! Come and enjoy a variety of repertoire and cheer on the orchestra&#8217;s talented young soloists before they fly to France! All under the direction of [&hellip;]<\/p>\n","protected":false},"featured_media":3580,"template":"","concert_type":[39,40],"class_list":["post-3582","concert","type-concert","status-publish","has-post-thumbnail","hentry","concert_type-past","concert_type-regular"],"yoast_head":"<!-- This site is optimized with the Yoast SEO plugin v24.5 - https:\/\/yoast.com\/wordpress\/plugins\/seo\/ -->\n<title>Concert gala 2023 ! | Fondation JFP<\/title>\n<meta name=\"robots\" content=\"index, follow, max-snippet:-1, max-image-preview:large, max-video-preview:-1\" \/>\n<link rel=\"canonical\" href=\"https:\/\/www.fondationjfp.com\/en\/concert\/concert-gala-2023\/\" \/>\n<meta property=\"og:locale\" content=\"en_US\" \/>\n<meta property=\"og:type\" content=\"article\" \/>\n<meta property=\"og:title\" content=\"Concert gala 2023 ! | Fondation JFP\" \/>\n<meta property=\"og:description\" content=\"Joseph-Fran\u00e7ois-Perrault&#8217;s Grand Gala 2023 concert, featuring guest host \u00c8ve Landry, winner of a Prix G\u00e9meaux and the Gascon-Roux 2022 Prize, and Lydia K\u00e9pinski for her best arrangements with orchestra ! Come and enjoy a variety of repertoire and cheer on the orchestra&#8217;s talented young soloists before they fly to France! All under the direction of [&hellip;]\" \/>\n<meta property=\"og:url\" content=\"https:\/\/www.fondationjfp.com\/en\/concert\/concert-gala-2023\/\" \/>\n<meta property=\"og:site_name\" content=\"Fondation JFP\" \/>\n<meta property=\"article:modified_time\" content=\"2023-09-05T03:52:23+00:00\" \/>\n<meta property=\"og:image\" content=\"https:\/\/www.fondationjfp.com\/wp-content\/uploads\/2023\/05\/MAL1065_WEB.jpg\" \/>\n\t<meta property=\"og:image:width\" content=\"2500\" \/>\n\t<meta property=\"og:image:height\" content=\"1667\" \/>\n\t<meta property=\"og:image:type\" content=\"image\/jpeg\" \/>\n<meta name=\"twitter:card\" content=\"summary_large_image\" \/>\n<meta name=\"twitter:label1\" content=\"Est. reading time\" \/>\n\t<meta name=\"twitter:data1\" content=\"4 minutes\" \/>\n<script type=\"application\/ld+json\" class=\"yoast-schema-graph\">{\"@context\":\"https:\/\/schema.org\",\"@graph\":[{\"@type\":\"WebPage\",\"@id\":\"https:\/\/www.fondationjfp.com\/en\/concert\/concert-gala-2023\/\",\"url\":\"https:\/\/www.fondationjfp.com\/en\/concert\/concert-gala-2023\/\",\"name\":\"Concert gala 2023 ! | Fondation JFP\",\"isPartOf\":{\"@id\":\"https:\/\/www.fondationjfp.com\/en\/#website\"},\"primaryImageOfPage\":{\"@id\":\"https:\/\/www.fondationjfp.com\/en\/concert\/concert-gala-2023\/#primaryimage\"},\"image\":{\"@id\":\"https:\/\/www.fondationjfp.com\/en\/concert\/concert-gala-2023\/#primaryimage\"},\"thumbnailUrl\":\"https:\/\/www.fondationjfp.com\/wp-content\/uploads\/2023\/05\/MAL1065_WEB.jpg\",\"datePublished\":\"2023-05-17T04:56:09+00:00\",\"dateModified\":\"2023-09-05T03:52:23+00:00\",\"breadcrumb\":{\"@id\":\"https:\/\/www.fondationjfp.com\/en\/concert\/concert-gala-2023\/#breadcrumb\"},\"inLanguage\":\"en-US\",\"potentialAction\":[{\"@type\":\"ReadAction\",\"target\":[\"https:\/\/www.fondationjfp.com\/en\/concert\/concert-gala-2023\/\"]}]},{\"@type\":\"ImageObject\",\"inLanguage\":\"en-US\",\"@id\":\"https:\/\/www.fondationjfp.com\/en\/concert\/concert-gala-2023\/#primaryimage\",\"url\":\"https:\/\/www.fondationjfp.com\/wp-content\/uploads\/2023\/05\/MAL1065_WEB.jpg\",\"contentUrl\":\"https:\/\/www.fondationjfp.com\/wp-content\/uploads\/2023\/05\/MAL1065_WEB.jpg\",\"width\":2500,\"height\":1667},{\"@type\":\"BreadcrumbList\",\"@id\":\"https:\/\/www.fondationjfp.com\/en\/concert\/concert-gala-2023\/#breadcrumb\",\"itemListElement\":[{\"@type\":\"ListItem\",\"position\":1,\"name\":\"Accueil\",\"item\":\"https:\/\/www.fondationjfp.com\/en\/\"},{\"@type\":\"ListItem\",\"position\":2,\"name\":\"Concert gala 2023 !\"}]},{\"@type\":\"WebSite\",\"@id\":\"https:\/\/www.fondationjfp.com\/en\/#website\",\"url\":\"https:\/\/www.fondationjfp.com\/en\/\",\"name\":\"Fondation JFP\",\"description\":\"Soutenir les r\u00eaves et l&#039;excellence en musique\",\"publisher\":{\"@id\":\"https:\/\/www.fondationjfp.com\/en\/#organization\"},\"potentialAction\":[{\"@type\":\"SearchAction\",\"target\":{\"@type\":\"EntryPoint\",\"urlTemplate\":\"https:\/\/www.fondationjfp.com\/en\/?s={search_term_string}\"},\"query-input\":{\"@type\":\"PropertyValueSpecification\",\"valueRequired\":true,\"valueName\":\"search_term_string\"}}],\"inLanguage\":\"en-US\"},{\"@type\":\"Organization\",\"@id\":\"https:\/\/www.fondationjfp.com\/en\/#organization\",\"name\":\"Fondation Joseph-Fran\u00e7ois-Perrault\",\"url\":\"https:\/\/www.fondationjfp.com\/en\/\",\"logo\":{\"@type\":\"ImageObject\",\"inLanguage\":\"en-US\",\"@id\":\"https:\/\/www.fondationjfp.com\/en\/#\/schema\/logo\/image\/\",\"url\":\"https:\/\/www.fondationjfp.com\/wp-content\/uploads\/2021\/11\/logo-complet-blanc-1.png\",\"contentUrl\":\"https:\/\/www.fondationjfp.com\/wp-content\/uploads\/2021\/11\/logo-complet-blanc-1.png\",\"width\":551,\"height\":63,\"caption\":\"Fondation Joseph-Fran\u00e7ois-Perrault\"},\"image\":{\"@id\":\"https:\/\/www.fondationjfp.com\/en\/#\/schema\/logo\/image\/\"}}]}<\/script>\n<!-- \/ Yoast SEO plugin. -->","yoast_head_json":{"title":"Concert gala 2023 ! | Fondation JFP","robots":{"index":"index","follow":"follow","max-snippet":"max-snippet:-1","max-image-preview":"max-image-preview:large","max-video-preview":"max-video-preview:-1"},"canonical":"https:\/\/www.fondationjfp.com\/en\/concert\/concert-gala-2023\/","og_locale":"en_US","og_type":"article","og_title":"Concert gala 2023 ! | Fondation JFP","og_description":"Joseph-Fran\u00e7ois-Perrault&#8217;s Grand Gala 2023 concert, featuring guest host \u00c8ve Landry, winner of a Prix G\u00e9meaux and the Gascon-Roux 2022 Prize, and Lydia K\u00e9pinski for her best arrangements with orchestra ! Come and enjoy a variety of repertoire and cheer on the orchestra&#8217;s talented young soloists before they fly to France! All under the direction of [&hellip;]","og_url":"https:\/\/www.fondationjfp.com\/en\/concert\/concert-gala-2023\/","og_site_name":"Fondation JFP","article_modified_time":"2023-09-05T03:52:23+00:00","og_image":[{"width":2500,"height":1667,"url":"https:\/\/www.fondationjfp.com\/wp-content\/uploads\/2023\/05\/MAL1065_WEB.jpg","type":"image\/jpeg"}],"twitter_card":"summary_large_image","twitter_misc":{"Est. reading time":"4 minutes"},"schema":{"@context":"https:\/\/schema.org","@graph":[{"@type":"WebPage","@id":"https:\/\/www.fondationjfp.com\/en\/concert\/concert-gala-2023\/","url":"https:\/\/www.fondationjfp.com\/en\/concert\/concert-gala-2023\/","name":"Concert gala 2023 ! | Fondation JFP","isPartOf":{"@id":"https:\/\/www.fondationjfp.com\/en\/#website"},"primaryImageOfPage":{"@id":"https:\/\/www.fondationjfp.com\/en\/concert\/concert-gala-2023\/#primaryimage"},"image":{"@id":"https:\/\/www.fondationjfp.com\/en\/concert\/concert-gala-2023\/#primaryimage"},"thumbnailUrl":"https:\/\/www.fondationjfp.com\/wp-content\/uploads\/2023\/05\/MAL1065_WEB.jpg","datePublished":"2023-05-17T04:56:09+00:00","dateModified":"2023-09-05T03:52:23+00:00","breadcrumb":{"@id":"https:\/\/www.fondationjfp.com\/en\/concert\/concert-gala-2023\/#breadcrumb"},"inLanguage":"en-US","potentialAction":[{"@type":"ReadAction","target":["https:\/\/www.fondationjfp.com\/en\/concert\/concert-gala-2023\/"]}]},{"@type":"ImageObject","inLanguage":"en-US","@id":"https:\/\/www.fondationjfp.com\/en\/concert\/concert-gala-2023\/#primaryimage","url":"https:\/\/www.fondationjfp.com\/wp-content\/uploads\/2023\/05\/MAL1065_WEB.jpg","contentUrl":"https:\/\/www.fondationjfp.com\/wp-content\/uploads\/2023\/05\/MAL1065_WEB.jpg","width":2500,"height":1667},{"@type":"BreadcrumbList","@id":"https:\/\/www.fondationjfp.com\/en\/concert\/concert-gala-2023\/#breadcrumb","itemListElement":[{"@type":"ListItem","position":1,"name":"Accueil","item":"https:\/\/www.fondationjfp.com\/en\/"},{"@type":"ListItem","position":2,"name":"Concert gala 2023 !"}]},{"@type":"WebSite","@id":"https:\/\/www.fondationjfp.com\/en\/#website","url":"https:\/\/www.fondationjfp.com\/en\/","name":"Fondation JFP","description":"Soutenir les r\u00eaves et l&#039;excellence en musique","publisher":{"@id":"https:\/\/www.fondationjfp.com\/en\/#organization"},"potentialAction":[{"@type":"SearchAction","target":{"@type":"EntryPoint","urlTemplate":"https:\/\/www.fondationjfp.com\/en\/?s={search_term_string}"},"query-input":{"@type":"PropertyValueSpecification","valueRequired":true,"valueName":"search_term_string"}}],"inLanguage":"en-US"},{"@type":"Organization","@id":"https:\/\/www.fondationjfp.com\/en\/#organization","name":"Fondation Joseph-Fran\u00e7ois-Perrault","url":"https:\/\/www.fondationjfp.com\/en\/","logo":{"@type":"ImageObject","inLanguage":"en-US","@id":"https:\/\/www.fondationjfp.com\/en\/#\/schema\/logo\/image\/","url":"https:\/\/www.fondationjfp.com\/wp-content\/uploads\/2021\/11\/logo-complet-blanc-1.png","contentUrl":"https:\/\/www.fondationjfp.com\/wp-content\/uploads\/2021\/11\/logo-complet-blanc-1.png","width":551,"height":63,"caption":"Fondation Joseph-Fran\u00e7ois-Perrault"},"image":{"@id":"https:\/\/www.fondationjfp.com\/en\/#\/schema\/logo\/image\/"}}]}},"_links":{"self":[{"href":"https:\/\/www.fondationjfp.com\/en\/wp-json\/wp\/v2\/concert\/3582","targetHints":{"allow":["GET"]}}],"collection":[{"href":"https:\/\/www.fondationjfp.com\/en\/wp-json\/wp\/v2\/concert"}],"about":[{"href":"https:\/\/www.fondationjfp.com\/en\/wp-json\/wp\/v2\/types\/concert"}],"wp:featuredmedia":[{"embeddable":true,"href":"https:\/\/www.fondationjfp.com\/en\/wp-json\/wp\/v2\/media\/3580"}],"wp:attachment":[{"href":"https:\/\/www.fondationjfp.com\/en\/wp-json\/wp\/v2\/media?parent=3582"}],"wp:term":[{"taxonomy":"concert_type","embeddable":true,"href":"https:\/\/www.fondationjfp.com\/en\/wp-json\/wp\/v2\/concert_type?post=3582"}],"curies":[{"name":"wp","href":"https:\/\/api.w.org\/{rel}","templated":true}]}}